{"id":707,"date":"2024-09-10T12:38:37","date_gmt":"2024-09-10T17:38:37","guid":{"rendered":"https:\/\/mundocomun.org\/?page_id=707"},"modified":"2024-11-13T16:27:58","modified_gmt":"2024-11-13T21:27:58","slug":"conferencistas-invitadxs","status":"publish","type":"page","link":"https:\/\/mundocomun.org\/en\/conferencistas-invitadxs\/","title":{"rendered":"ConferencistasCuerpoEnjambre"},"content":{"rendered":"<div class=\"wp-block-group alignfull is-style-section-3 is-layout-flow wp-block-group-is-layout-flow\" style=\"margin-top:0;margin-bottom:0\">\n<div class=\"wp-block-cover is-light alignfull is-style-default\" style=\"margin-top:0;margin-bottom:0;padding-right:var(--wp--preset--spacing--50);padding-left:var(--wp--preset--spacing--50);min-height:362px;aspect-ratio:unset;\"><span aria-hidden=\"true\" class=\"wp-block-cover__background has-background-dim\" style=\"background-color:#d2b78b\"><\/span><img data-recalc-dims=\"1\" fetchpriority=\"high\" decoding=\"async\" width=\"2667\" height=\"946\" data-attachment-id=\"753\" data-permalink=\"https:\/\/mundocomun.org\/en\/conferencistas-invitadxs\/banners-01\/\" data-orig-file=\"https:\/\/i0.wp.com\/mundocomun.org\/wp-content\/uploads\/2024\/09\/Banners-01.png?fit=2667%2C946&amp;ssl=1\" data-orig-size=\"2667,946\" data-comments-opened=\"1\" data-image-meta=\"{&quot;aperture&quot;:&quot;0&quot;,&quot;credit&quot;:&quot;&quot;,&quot;camera&quot;:&quot;&quot;,&quot;caption&quot;:&quot;&quot;,&quot;created_timestamp&quot;:&quot;0&quot;,&quot;copyright&quot;:&quot;&quot;,&quot;focal_length&quot;:&quot;0&quot;,&quot;iso&quot;:&quot;0&quot;,&quot;shutter_speed&quot;:&quot;0&quot;,&quot;title&quot;:&quot;&quot;,&quot;orientation&quot;:&quot;0&quot;}\" data-image-title=\"Banners-01\" data-image-description=\"\" data-image-caption=\"\" data-large-file=\"https:\/\/i0.wp.com\/mundocomun.org\/wp-content\/uploads\/2024\/09\/Banners-01.png?fit=1024%2C363&amp;ssl=1\" class=\"wp-block-cover__image-background wp-image-753\" alt=\"\" src=\"https:\/\/i0.wp.com\/mundocomun.org\/wp-content\/uploads\/2024\/09\/Banners-01.png?resize=2667%2C946&#038;ssl=1\" data-object-fit=\"cover\" srcset=\"https:\/\/i0.wp.com\/mundocomun.org\/wp-content\/uploads\/2024\/09\/Banners-01.png?w=2667&amp;ssl=1 2667w, https:\/\/i0.wp.com\/mundocomun.org\/wp-content\/uploads\/2024\/09\/Banners-01.png?resize=300%2C106&amp;ssl=1 300w, https:\/\/i0.wp.com\/mundocomun.org\/wp-content\/uploads\/2024\/09\/Banners-01.png?resize=1024%2C363&amp;ssl=1 1024w, https:\/\/i0.wp.com\/mundocomun.org\/wp-content\/uploads\/2024\/09\/Banners-01.png?resize=768%2C272&amp;ssl=1 768w, https:\/\/i0.wp.com\/mundocomun.org\/wp-content\/uploads\/2024\/09\/Banners-01.png?resize=1536%2C545&amp;ssl=1 1536w, https:\/\/i0.wp.com\/mundocomun.org\/wp-content\/uploads\/2024\/09\/Banners-01.png?resize=2048%2C726&amp;ssl=1 2048w, https:\/\/i0.wp.com\/mundocomun.org\/wp-content\/uploads\/2024\/09\/Banners-01.png?resize=18%2C6&amp;ssl=1 18w, https:\/\/i0.wp.com\/mundocomun.org\/wp-content\/uploads\/2024\/09\/Banners-01.png?resize=1200%2C426&amp;ssl=1 1200w\" sizes=\"(max-width: 1000px) 100vw, 1000px\" \/><div class=\"wp-block-cover__inner-container is-layout-flow wp-block-cover-is-layout-flow\">\n<div style=\"height:var(--wp--preset--spacing--80)\" aria-hidden=\"true\" class=\"wp-block-spacer\"><\/div>\n\n\n\n<div class=\"wp-block-group alignwide has-global-padding is-layout-constrained wp-container-core-group-is-layout-4e1f2d29 wp-block-group-is-layout-constrained\">\n<h2 class=\"wp-block-heading has-text-align-center text-balance has-base-color has-text-color has-link-color has-gotham-rounded-ssm-font-family wp-elements-32e9acade612f2896faff588b6666e72\" style=\"margin-top:0;margin-right:0;margin-bottom:0;margin-left:0;font-size:clamp(0.875rem, 0.875rem + ((1vw - 0.2rem) * 0.542), 1.2rem);font-style:normal;font-weight:700;letter-spacing:20px;line-height:1.6\"><strong>MAESTRXS Y SABEDORXS<\/strong><\/h2>\n<\/div>\n\n\n\n<div style=\"height:var(--wp--preset--spacing--80)\" aria-hidden=\"true\" class=\"wp-block-spacer\"><\/div>\n<\/div><\/div>\n<\/div>\n\n\n\n<div class=\"wp-block-group alignfull has-global-padding is-content-justification-center is-layout-constrained wp-container-core-group-is-layout-7cd794a2 wp-block-group-is-layout-constrained\" style=\"margin-top:0;margin-bottom:0;padding-top:calc( 0.5 * var(--wp--style--root--padding-right, var(--wp--custom--gap--horizontal)));padding-right:var(--wp--style--root--padding-right, var(--wp--custom--gap--horizontal));padding-bottom:calc( 0.5 * var(--wp--style--root--padding-right, var(--wp--custom--gap--horizontal)));padding-left:var(--wp--style--root--padding-left, var(--wp--custom--gap--horizontal))\">\n<div style=\"height:34px\" aria-hidden=\"true\" class=\"wp-block-spacer\"><\/div>\n\n\n\n<div class=\"wp-block-group alignwide has-global-padding is-content-justification-center is-layout-constrained wp-block-group-is-layout-constrained\">\n<div class=\"wp-block-group alignwide has-global-padding is-layout-constrained wp-block-group-is-layout-constrained\">\n<hr class=\"wp-block-separator alignwide has-text-color has-theme-5-color has-alpha-channel-opacity has-theme-5-background-color has-background is-style-wide\"\/>\n\n\n\n<div class=\"wp-block-columns alignwide is-layout-flex wp-container-core-columns-is-layout-3afcaa04 wp-block-columns-is-layout-flex\">\n<div class=\"wp-block-column is-layout-flow wp-block-column-is-layout-flow\" style=\"flex-basis:15%\">\n<div style=\"height:4px\" aria-hidden=\"true\" class=\"wp-block-spacer\"><\/div>\n<\/div>\n\n\n\n<div class=\"wp-block-column is-layout-flow wp-container-core-column-is-layout-c6aab7f7 wp-block-column-is-layout-flow\">\n<div style=\"height:44px;width:0px\" aria-hidden=\"true\" class=\"wp-block-spacer\"><\/div>\n\n\n\n<div class=\"wp-block-group has-global-padding is-content-justification-center is-layout-constrained wp-block-group-is-layout-constrained\">\n<div class=\"wp-block-columns alignwide is-layout-flex wp-container-core-columns-is-layout-32aa975b wp-block-columns-is-layout-flex\">\n<div class=\"wp-block-column is-layout-flow wp-block-column-is-layout-flow\" style=\"flex-basis:150px\">\n<h4 class=\"wp-block-heading has-gotham-rounded-ssm-font-family\" style=\"font-size:clamp(0.875rem, 0.875rem + ((1vw - 0.2rem) * 0.042), 0.9rem);letter-spacing:4px;line-height:1.6\">ARTURO ESCOBAR<\/h4>\n<\/div>\n\n\n\n<div class=\"wp-block-column is-layout-flow wp-block-column-is-layout-flow\">\n<p class=\"has-gotham-rounded-ssm-font-family wp-block-paragraph\" style=\"font-size:clamp(14px, 0.875rem + ((1vw - 3.2px) * 0.208), 16px);font-style:normal;font-weight:300\">Arturo Escobar es un antrop\u00f3logo colombiano cuyas investigaciones se centran en la relacionalidad y los dise\u00f1os pluriversales, conceptos que desaf\u00edan las estructuras homog\u00e9neas y unidimensionales de desarrollo. Su obra promueve la creaci\u00f3n de mundos diversos y aut\u00f3nomos, donde las interacciones entre seres humanos y no humanos se basen en la cooperaci\u00f3n y el respeto mutuo. Escobar aboga por un cambio hacia un dise\u00f1o ontol\u00f3gico que priorice las relaciones y la interdependencia, en lugar de la dominaci\u00f3n y el control, impulsando un enfoque que honra la multiplicidad de formas de vida en el planeta.<\/p>\n<\/div>\n\n\n\n<div class=\"wp-block-column is-layout-flow wp-block-column-is-layout-flow\" style=\"flex-basis:132px\">\n<figure class=\"wp-block-image size-full is-style-rounded wp-duotone-111111-f9f9f9-2 is-style-rounded--1\"><img data-recalc-dims=\"1\" decoding=\"async\" width=\"2296\" height=\"3444\" data-attachment-id=\"748\" data-permalink=\"https:\/\/mundocomun.org\/en\/conferencistas-invitadxs\/240906_arturo_escobar\/\" data-orig-file=\"https:\/\/i0.wp.com\/mundocomun.org\/wp-content\/uploads\/2024\/09\/240906_Arturo_Escobar.jpg?fit=2296%2C3444&amp;ssl=1\" data-orig-size=\"2296,3444\" data-comments-opened=\"1\" data-image-meta=\"{&quot;aperture&quot;:&quot;9&quot;,&quot;credit&quot;:&quot;Kristen Chavez&quot;,&quot;camera&quot;:&quot;Canon EOS 70D&quot;,&quot;caption&quot;:&quot;&quot;,&quot;created_timestamp&quot;:&quot;1531754459&quot;,&quot;copyright&quot;:&quot;UNC-CH College of Arts and Sciences&quot;,&quot;focal_length&quot;:&quot;42&quot;,&quot;iso&quot;:&quot;1600&quot;,&quot;shutter_speed&quot;:&quot;0.016666666666667&quot;,&quot;title&quot;:&quot;&quot;,&quot;orientation&quot;:&quot;0&quot;}\" data-image-title=\"Arturo Escobar\" data-image-description=\"\" data-image-caption=\"\" data-large-file=\"https:\/\/i0.wp.com\/mundocomun.org\/wp-content\/uploads\/2024\/09\/240906_Arturo_Escobar.jpg?fit=683%2C1024&amp;ssl=1\" src=\"https:\/\/i0.wp.com\/mundocomun.org\/wp-content\/uploads\/2024\/09\/240906_Arturo_Escobar.jpg?resize=2296%2C3444&#038;ssl=1\" alt=\"\" class=\"wp-image-748\" style=\"aspect-ratio:2\/3;object-fit:cover\" srcset=\"https:\/\/i0.wp.com\/mundocomun.org\/wp-content\/uploads\/2024\/09\/240906_Arturo_Escobar.jpg?w=2296&amp;ssl=1 2296w, https:\/\/i0.wp.com\/mundocomun.org\/wp-content\/uploads\/2024\/09\/240906_Arturo_Escobar.jpg?resize=200%2C300&amp;ssl=1 200w, https:\/\/i0.wp.com\/mundocomun.org\/wp-content\/uploads\/2024\/09\/240906_Arturo_Escobar.jpg?resize=683%2C1024&amp;ssl=1 683w, https:\/\/i0.wp.com\/mundocomun.org\/wp-content\/uploads\/2024\/09\/240906_Arturo_Escobar.jpg?resize=768%2C1152&amp;ssl=1 768w, https:\/\/i0.wp.com\/mundocomun.org\/wp-content\/uploads\/2024\/09\/240906_Arturo_Escobar.jpg?resize=1024%2C1536&amp;ssl=1 1024w, https:\/\/i0.wp.com\/mundocomun.org\/wp-content\/uploads\/2024\/09\/240906_Arturo_Escobar.jpg?resize=1365%2C2048&amp;ssl=1 1365w, https:\/\/i0.wp.com\/mundocomun.org\/wp-content\/uploads\/2024\/09\/240906_Arturo_Escobar.jpg?resize=8%2C12&amp;ssl=1 8w, https:\/\/i0.wp.com\/mundocomun.org\/wp-content\/uploads\/2024\/09\/240906_Arturo_Escobar.jpg?w=2000&amp;ssl=1 2000w\" sizes=\"(max-width: 1000px) 100vw, 1000px\" \/><\/figure>\n<\/div>\n<\/div>\n\n\n\n<div style=\"height:40px;width:0px\" aria-hidden=\"true\" class=\"wp-block-spacer\"><\/div>\n<\/div>\n\n\n\n<hr class=\"wp-block-separator alignwide has-text-color has-theme-5-color has-alpha-channel-opacity has-theme-5-background-color has-background is-style-wide\"\/>\n\n\n\n<div class=\"wp-block-group has-global-padding is-layout-constrained wp-block-group-is-layout-constrained\">\n<div style=\"height:32px;width:0px\" aria-hidden=\"true\" class=\"wp-block-spacer\"><\/div>\n\n\n\n<div class=\"wp-block-columns alignwide is-layout-flex wp-container-core-columns-is-layout-32aa975b wp-block-columns-is-layout-flex\">\n<div class=\"wp-block-column is-layout-flow wp-block-column-is-layout-flow\" style=\"flex-basis:150px\">\n<h4 class=\"wp-block-heading has-gotham-rounded-ssm-font-family\" style=\"font-size:clamp(0.875rem, 0.875rem + ((1vw - 0.2rem) * 0.042), 0.9rem);letter-spacing:4px;line-height:1.6\">CARLOS MALDONADO<\/h4>\n<\/div>\n\n\n\n<div class=\"wp-block-column is-layout-flow wp-block-column-is-layout-flow\">\n<p class=\"has-gotham-rounded-ssm-font-family wp-block-paragraph\" style=\"font-size:clamp(14px, 0.875rem + ((1vw - 3.2px) * 0.208), 16px);font-style:normal;font-weight:300\">Carlos Eduardo Maldonado Casta\u00f1eda es investigador dedicado al estudio de las ciencias de la complejidad y los sistemas vivos. Sus estudios abordan c\u00f3mo las ciencias sociales, las artes y las posthumanidades pueden enfrentar las crisis contempor\u00e1neas. A trav\u00e9s de su trabajo, Carlos desaf\u00eda las limitaciones del pensamiento tradicional, proponiendo nuevas formas de conocimiento interconectado que integran m\u00faltiples disciplinas. En sus investigaciones, destaca que la incertidumbre y la imprevisibilidad en los sistemas complejos no solo fortalecen dichos sistemas, sino que tambi\u00e9n abren posibilidades para una evoluci\u00f3n social m\u00e1s din\u00e1mica y sostenible, enfocada en un &#8220;buen vivir&#8221; que trasciende las dicotom\u00edas tradicionales. Su investigaci\u00f3n impacta en diferentes campos como la sostenibilidad, sistemas no lineales y salud p\u00fablica.<\/p>\n<\/div>\n\n\n\n<div class=\"wp-block-column is-layout-flow wp-block-column-is-layout-flow\" style=\"flex-basis:132px\">\n<figure class=\"wp-block-image size-full is-style-rounded wp-duotone-080808-f9f9f9-4 is-style-rounded--3\"><img data-recalc-dims=\"1\" decoding=\"async\" width=\"700\" height=\"500\" data-attachment-id=\"831\" data-permalink=\"https:\/\/mundocomun.org\/en\/conferencistas-invitadxs\/maldonado\/\" data-orig-file=\"https:\/\/i0.wp.com\/mundocomun.org\/wp-content\/uploads\/2024\/09\/maldonado.jpg?fit=700%2C500&amp;ssl=1\" data-orig-size=\"700,500\" data-comments-opened=\"1\" data-image-meta=\"{&quot;aperture&quot;:&quot;0&quot;,&quot;credit&quot;:&quot;&quot;,&quot;camera&quot;:&quot;&quot;,&quot;caption&quot;:&quot;&quot;,&quot;created_timestamp&quot;:&quot;0&quot;,&quot;copyright&quot;:&quot;&quot;,&quot;focal_length&quot;:&quot;0&quot;,&quot;iso&quot;:&quot;0&quot;,&quot;shutter_speed&quot;:&quot;0&quot;,&quot;title&quot;:&quot;&quot;,&quot;orientation&quot;:&quot;0&quot;}\" data-image-title=\"maldonado\" data-image-description=\"\" data-image-caption=\"\" data-large-file=\"https:\/\/i0.wp.com\/mundocomun.org\/wp-content\/uploads\/2024\/09\/maldonado.jpg?fit=700%2C500&amp;ssl=1\" src=\"https:\/\/i0.wp.com\/mundocomun.org\/wp-content\/uploads\/2024\/09\/maldonado.jpg?resize=700%2C500&#038;ssl=1\" alt=\"\" class=\"wp-image-831\" style=\"aspect-ratio:2\/3;object-fit:cover\" srcset=\"https:\/\/i0.wp.com\/mundocomun.org\/wp-content\/uploads\/2024\/09\/maldonado.jpg?w=700&amp;ssl=1 700w, https:\/\/i0.wp.com\/mundocomun.org\/wp-content\/uploads\/2024\/09\/maldonado.jpg?resize=300%2C214&amp;ssl=1 300w, https:\/\/i0.wp.com\/mundocomun.org\/wp-content\/uploads\/2024\/09\/maldonado.jpg?resize=18%2C12&amp;ssl=1 18w\" sizes=\"(max-width: 700px) 100vw, 700px\" \/><\/figure>\n<\/div>\n<\/div>\n<\/div>\n<\/div>\n<\/div>\n\n\n\n<div style=\"height:var(--wp--preset--spacing--20)\" aria-hidden=\"true\" class=\"wp-block-spacer\"><\/div>\n<\/div>\n\n\n\n<div class=\"wp-block-group alignwide has-global-padding is-layout-constrained wp-block-group-is-layout-constrained\">\n<div class=\"wp-block-columns alignwide is-layout-flex wp-container-core-columns-is-layout-3afcaa04 wp-block-columns-is-layout-flex\">\n<div class=\"wp-block-column is-layout-flow wp-block-column-is-layout-flow\" style=\"flex-basis:15%\">\n<div style=\"height:4px\" aria-hidden=\"true\" class=\"wp-block-spacer\"><\/div>\n<\/div>\n\n\n\n<div class=\"wp-block-column is-layout-flow wp-container-core-column-is-layout-c6aab7f7 wp-block-column-is-layout-flow\">\n<hr class=\"wp-block-separator alignwide has-text-color has-theme-5-color has-alpha-channel-opacity has-theme-5-background-color has-background is-style-wide\"\/>\n\n\n\n<div style=\"height:44px;width:0px\" aria-hidden=\"true\" class=\"wp-block-spacer\"><\/div>\n\n\n\n<div class=\"wp-block-group has-global-padding is-content-justification-center is-layout-constrained wp-block-group-is-layout-constrained\">\n<div class=\"wp-block-columns alignwide is-layout-flex wp-container-core-columns-is-layout-32aa975b wp-block-columns-is-layout-flex\">\n<div class=\"wp-block-column is-layout-flow wp-block-column-is-layout-flow\" style=\"flex-basis:150px\">\n<h4 class=\"wp-block-heading has-gotham-rounded-ssm-font-family\" style=\"font-size:clamp(0.875rem, 0.875rem + ((1vw - 0.2rem) * 0.042), 0.9rem);letter-spacing:4px;line-height:1.6\">IN\u00c9S <br>CAVELIER<\/h4>\n<\/div>\n\n\n\n<div class=\"wp-block-column is-layout-flow wp-block-column-is-layout-flow\">\n<p class=\"has-gotham-rounded-ssm-font-family wp-block-paragraph\" style=\"font-size:clamp(14px, 0.875rem + ((1vw - 3.2px) * 0.208), 16px);font-style:normal;font-weight:300\">In\u00e9s Cavelier, es antrop\u00f3loga y arque\u00f3loga ambiental con \u00e9nfasis en paleobot\u00e1nica; su investigaci\u00f3n se ha centrado en la ocupaci\u00f3n precolombina y la interacci\u00f3n de los grupos humanos con la biodiversidad tropical. En la Amazon\u00eda trabaj\u00f3 espec\u00edficamente en Araracuara y Pe\u00f1a Roja, donde realiz\u00f3 exploraciones arqueol\u00f3gicas en \u00e1reas de comunidades ind\u00edgenas, que han contribuido al conocimiento sobre los cazadores-recolectores, los or\u00edgenes de la agricultura, los suelos antropog\u00e9nicos y la din\u00e1mica social amaz\u00f3nica. Actualmente trabaja en programas de largo plazo para la conservaci\u00f3n de la biodiversidad y las acciones ante el cambio clim\u00e1tico con comunidades \u00e9tnicas y locales en diferentes regiones de Colombia.<\/p>\n<\/div>\n\n\n\n<div class=\"wp-block-column is-layout-flow wp-block-column-is-layout-flow\" style=\"flex-basis:132px\">\n<figure class=\"wp-block-image size-full is-style-rounded wp-duotone-151515-f9f9f9-6 is-style-rounded--5\"><img data-recalc-dims=\"1\" loading=\"lazy\" decoding=\"async\" width=\"599\" height=\"599\" data-attachment-id=\"758\" data-permalink=\"https:\/\/mundocomun.org\/en\/conferencistas-invitadxs\/240909_ines_cavelier\/\" data-orig-file=\"https:\/\/i0.wp.com\/mundocomun.org\/wp-content\/uploads\/2024\/09\/240909_Ines_Cavelier.png?fit=599%2C599&amp;ssl=1\" data-orig-size=\"599,599\" data-comments-opened=\"1\" data-image-meta=\"{&quot;aperture&quot;:&quot;0&quot;,&quot;credit&quot;:&quot;&quot;,&quot;camera&quot;:&quot;&quot;,&quot;caption&quot;:&quot;&quot;,&quot;created_timestamp&quot;:&quot;0&quot;,&quot;copyright&quot;:&quot;&quot;,&quot;focal_length&quot;:&quot;0&quot;,&quot;iso&quot;:&quot;0&quot;,&quot;shutter_speed&quot;:&quot;0&quot;,&quot;title&quot;:&quot;&quot;,&quot;orientation&quot;:&quot;0&quot;}\" data-image-title=\"240909_Ines_Cavelier\" data-image-description=\"\" data-image-caption=\"\" data-large-file=\"https:\/\/i0.wp.com\/mundocomun.org\/wp-content\/uploads\/2024\/09\/240909_Ines_Cavelier.png?fit=599%2C599&amp;ssl=1\" src=\"https:\/\/i0.wp.com\/mundocomun.org\/wp-content\/uploads\/2024\/09\/240909_Ines_Cavelier.png?resize=599%2C599&#038;ssl=1\" alt=\"\" class=\"wp-image-758\" style=\"aspect-ratio:2\/3;object-fit:cover\" srcset=\"https:\/\/i0.wp.com\/mundocomun.org\/wp-content\/uploads\/2024\/09\/240909_Ines_Cavelier.png?w=599&amp;ssl=1 599w, https:\/\/i0.wp.com\/mundocomun.org\/wp-content\/uploads\/2024\/09\/240909_Ines_Cavelier.png?resize=300%2C300&amp;ssl=1 300w, https:\/\/i0.wp.com\/mundocomun.org\/wp-content\/uploads\/2024\/09\/240909_Ines_Cavelier.png?resize=150%2C150&amp;ssl=1 150w, https:\/\/i0.wp.com\/mundocomun.org\/wp-content\/uploads\/2024\/09\/240909_Ines_Cavelier.png?resize=12%2C12&amp;ssl=1 12w, https:\/\/i0.wp.com\/mundocomun.org\/wp-content\/uploads\/2024\/09\/240909_Ines_Cavelier.png?resize=400%2C400&amp;ssl=1 400w, https:\/\/i0.wp.com\/mundocomun.org\/wp-content\/uploads\/2024\/09\/240909_Ines_Cavelier.png?resize=200%2C200&amp;ssl=1 200w\" sizes=\"(max-width: 599px) 100vw, 599px\" \/><\/figure>\n<\/div>\n<\/div>\n\n\n\n<div style=\"height:40px;width:0px\" aria-hidden=\"true\" class=\"wp-block-spacer\"><\/div>\n<\/div>\n\n\n\n<hr class=\"wp-block-separator alignwide has-text-color has-theme-5-color has-alpha-channel-opacity has-theme-5-background-color has-background is-style-wide\"\/>\n\n\n\n<div class=\"wp-block-group has-global-padding is-layout-constrained wp-block-group-is-layout-constrained\">\n<div style=\"height:32px;width:0px\" aria-hidden=\"true\" class=\"wp-block-spacer\"><\/div>\n\n\n\n<div class=\"wp-block-columns alignwide is-layout-flex wp-container-core-columns-is-layout-32aa975b wp-block-columns-is-layout-flex\">\n<div class=\"wp-block-column is-layout-flow wp-block-column-is-layout-flow\" style=\"flex-basis:150px\">\n<h4 class=\"wp-block-heading has-gotham-rounded-ssm-font-family\" style=\"font-size:clamp(0.875rem, 0.875rem + ((1vw - 0.2rem) * 0.042), 0.9rem);letter-spacing:4px;line-height:1.6\">JUAN <br>ECHEVERRI<\/h4>\n<\/div>\n\n\n\n<div class=\"wp-block-column is-layout-flow wp-block-column-is-layout-flow\">\n<p class=\"has-gotham-rounded-ssm-font-family wp-block-paragraph\" style=\"font-size:clamp(14px, 0.875rem + ((1vw - 3.2px) * 0.208), 16px);font-style:normal;font-weight:300\">Juan Alvaro Echeverri ha trabajado en la regi\u00f3n amaz\u00f3nica colombiana desde los a\u00f1os 1980, principalmente con los grupos de la Gente de Centro de la regi\u00f3n del Caquet\u00e1- Putumayo. Es antrop\u00f3logo de la Universidad de Antioquia con un doctorado de la New School for Social Research. Actualmente es Profesor Titular de la Sede Amazonia de la Universidad Nacional de Colombia e investigador del Instituto Amaz\u00f3nico de Investigaciones IMANI. Ha trabajado en proyectos de gesti\u00f3n comunitaria y de investigaci\u00f3n cient\u00edfica en temas de antropolog\u00eda social, educaci\u00f3n intercultural, historia y memoria, conocimiento tradicional, documentaci\u00f3n y revitalizaci\u00f3n ling\u00fc\u00edstica, y territorialidad ind\u00edgena.<\/p>\n<\/div>\n\n\n\n<div class=\"wp-block-column is-layout-flow wp-block-column-is-layout-flow\" style=\"flex-basis:132px\">\n<figure class=\"wp-block-image size-full is-style-rounded wp-duotone-131313-f9f9f9-8 is-style-rounded--7\"><img data-recalc-dims=\"1\" loading=\"lazy\" decoding=\"async\" width=\"600\" height=\"624\" data-attachment-id=\"759\" data-permalink=\"https:\/\/mundocomun.org\/en\/conferencistas-invitadxs\/240909_juan_alvaro_echeverri\/\" data-orig-file=\"https:\/\/i0.wp.com\/mundocomun.org\/wp-content\/uploads\/2024\/09\/240909_Juan_Alvaro_Echeverri.jpeg?fit=600%2C624&amp;ssl=1\" data-orig-size=\"600,624\" data-comments-opened=\"1\" data-image-meta=\"{&quot;aperture&quot;:&quot;0&quot;,&quot;credit&quot;:&quot;&quot;,&quot;camera&quot;:&quot;&quot;,&quot;caption&quot;:&quot;&quot;,&quot;created_timestamp&quot;:&quot;0&quot;,&quot;copyright&quot;:&quot;&quot;,&quot;focal_length&quot;:&quot;0&quot;,&quot;iso&quot;:&quot;0&quot;,&quot;shutter_speed&quot;:&quot;0&quot;,&quot;title&quot;:&quot;&quot;,&quot;orientation&quot;:&quot;1&quot;}\" data-image-title=\"240909_Juan_Alvaro_Echeverri\" data-image-description=\"\" data-image-caption=\"\" data-large-file=\"https:\/\/i0.wp.com\/mundocomun.org\/wp-content\/uploads\/2024\/09\/240909_Juan_Alvaro_Echeverri.jpeg?fit=600%2C624&amp;ssl=1\" src=\"https:\/\/i0.wp.com\/mundocomun.org\/wp-content\/uploads\/2024\/09\/240909_Juan_Alvaro_Echeverri.jpeg?resize=600%2C624&#038;ssl=1\" alt=\"\" class=\"wp-image-759\" style=\"aspect-ratio:2\/3;object-fit:cover\" srcset=\"https:\/\/i0.wp.com\/mundocomun.org\/wp-content\/uploads\/2024\/09\/240909_Juan_Alvaro_Echeverri.jpeg?w=600&amp;ssl=1 600w, https:\/\/i0.wp.com\/mundocomun.org\/wp-content\/uploads\/2024\/09\/240909_Juan_Alvaro_Echeverri.jpeg?resize=288%2C300&amp;ssl=1 288w, https:\/\/i0.wp.com\/mundocomun.org\/wp-content\/uploads\/2024\/09\/240909_Juan_Alvaro_Echeverri.jpeg?resize=12%2C12&amp;ssl=1 12w\" sizes=\"(max-width: 600px) 100vw, 600px\" \/><\/figure>\n<\/div>\n<\/div>\n<\/div>\n<\/div>\n<\/div>\n\n\n\n<div style=\"height:var(--wp--preset--spacing--20)\" aria-hidden=\"true\" class=\"wp-block-spacer\"><\/div>\n<\/div>\n\n\n\n<div class=\"wp-block-group alignwide has-global-padding is-layout-constrained wp-block-group-is-layout-constrained\">\n<div class=\"wp-block-columns alignwide is-layout-flex wp-container-core-columns-is-layout-3afcaa04 wp-block-columns-is-layout-flex\">\n<div class=\"wp-block-column is-layout-flow wp-block-column-is-layout-flow\" style=\"flex-basis:15%\">\n<div style=\"height:4px\" aria-hidden=\"true\" class=\"wp-block-spacer\"><\/div>\n<\/div>\n\n\n\n<div class=\"wp-block-column is-layout-flow wp-container-core-column-is-layout-c6aab7f7 wp-block-column-is-layout-flow\">\n<hr class=\"wp-block-separator alignwide has-text-color has-theme-5-color has-alpha-channel-opacity has-theme-5-background-color has-background is-style-wide\"\/>\n\n\n\n<div style=\"height:44px;width:0px\" aria-hidden=\"true\" class=\"wp-block-spacer\"><\/div>\n\n\n\n<div class=\"wp-block-group has-global-padding is-content-justification-center is-layout-constrained wp-block-group-is-layout-constrained\">\n<div class=\"wp-block-columns alignwide is-layout-flex wp-container-core-columns-is-layout-32aa975b wp-block-columns-is-layout-flex\">\n<div class=\"wp-block-column is-layout-flow wp-block-column-is-layout-flow\" style=\"flex-basis:150px\">\n<h4 class=\"wp-block-heading has-gotham-rounded-ssm-font-family\" style=\"font-size:clamp(0.875rem, 0.875rem + ((1vw - 0.2rem) * 0.042), 0.9rem);letter-spacing:4px;line-height:1.6\">LISA BLACKMORE<\/h4>\n<\/div>\n\n\n\n<div class=\"wp-block-column is-layout-flow wp-block-column-is-layout-flow\">\n<p class=\"has-gotham-rounded-ssm-font-family wp-block-paragraph\" style=\"font-size:clamp(14px, 0.875rem + ((1vw - 3.2px) * 0.208), 16px);font-style:normal;font-weight:300\">Lisa Blackmore es una investigadora y acad\u00e9mica cuya labor se centra en las relaciones humanas con el medio ambiente y las conexiones entre pol\u00edtica, arte y territorio en Am\u00e9rica Latina y el Caribe. En la Universidad de Essex, integra la Colecci\u00f3n de Arte de Am\u00e9rica Latina (ESCALA) en su ense\u00f1anza y curadur\u00eda, impulsando proyectos p\u00fablicos y acad\u00e9micos. Su investigaci\u00f3n reciente ha explorado c\u00f3mo los seres humanos se relacionan con los r\u00edos, analizando infraestructuras, arte sonoro e instalaciones, poes\u00eda y conexiones sensibles con el agua. Desde 2018, dirige la plataforma interdisciplinaria entre\u2014r\u00edos, que conecta artistas y comunidades para explorar cuerpos de agua mediante talleres, exposiciones, publicaciones y programas p\u00fablicos.<\/p>\n<\/div>\n\n\n\n<div class=\"wp-block-column is-layout-flow wp-block-column-is-layout-flow\" style=\"flex-basis:132px\">\n<figure class=\"wp-block-image size-full is-style-rounded wp-duotone-1a1a1a-f9f9f9-10 is-style-rounded--9\"><img data-recalc-dims=\"1\" loading=\"lazy\" decoding=\"async\" width=\"2292\" height=\"1540\" data-attachment-id=\"1115\" data-permalink=\"https:\/\/mundocomun.org\/en\/conferencistas-invitadxs\/241113_lisa_blackmore\/\" data-orig-file=\"https:\/\/i0.wp.com\/mundocomun.org\/wp-content\/uploads\/2024\/11\/241113_Lisa_Blackmore.png?fit=2292%2C1540&amp;ssl=1\" data-orig-size=\"2292,1540\" data-comments-opened=\"1\" data-image-meta=\"{&quot;aperture&quot;:&quot;0&quot;,&quot;credit&quot;:&quot;&quot;,&quot;camera&quot;:&quot;&quot;,&quot;caption&quot;:&quot;&quot;,&quot;created_timestamp&quot;:&quot;0&quot;,&quot;copyright&quot;:&quot;&quot;,&quot;focal_length&quot;:&quot;0&quot;,&quot;iso&quot;:&quot;0&quot;,&quot;shutter_speed&quot;:&quot;0&quot;,&quot;title&quot;:&quot;&quot;,&quot;orientation&quot;:&quot;0&quot;}\" data-image-title=\"241113_Lisa_Blackmore\" data-image-description=\"\" data-image-caption=\"\" data-large-file=\"https:\/\/i0.wp.com\/mundocomun.org\/wp-content\/uploads\/2024\/11\/241113_Lisa_Blackmore.png?fit=1024%2C688&amp;ssl=1\" src=\"https:\/\/i0.wp.com\/mundocomun.org\/wp-content\/uploads\/2024\/11\/241113_Lisa_Blackmore.png?resize=2292%2C1540&#038;ssl=1\" alt=\"\" class=\"wp-image-1115\" style=\"aspect-ratio:2\/3;object-fit:cover\" srcset=\"https:\/\/i0.wp.com\/mundocomun.org\/wp-content\/uploads\/2024\/11\/241113_Lisa_Blackmore.png?w=2292&amp;ssl=1 2292w, https:\/\/i0.wp.com\/mundocomun.org\/wp-content\/uploads\/2024\/11\/241113_Lisa_Blackmore.png?resize=300%2C202&amp;ssl=1 300w, https:\/\/i0.wp.com\/mundocomun.org\/wp-content\/uploads\/2024\/11\/241113_Lisa_Blackmore.png?resize=1024%2C688&amp;ssl=1 1024w, https:\/\/i0.wp.com\/mundocomun.org\/wp-content\/uploads\/2024\/11\/241113_Lisa_Blackmore.png?resize=768%2C516&amp;ssl=1 768w, https:\/\/i0.wp.com\/mundocomun.org\/wp-content\/uploads\/2024\/11\/241113_Lisa_Blackmore.png?resize=1536%2C1032&amp;ssl=1 1536w, https:\/\/i0.wp.com\/mundocomun.org\/wp-content\/uploads\/2024\/11\/241113_Lisa_Blackmore.png?resize=2048%2C1376&amp;ssl=1 2048w, https:\/\/i0.wp.com\/mundocomun.org\/wp-content\/uploads\/2024\/11\/241113_Lisa_Blackmore.png?resize=18%2C12&amp;ssl=1 18w, https:\/\/i0.wp.com\/mundocomun.org\/wp-content\/uploads\/2024\/11\/241113_Lisa_Blackmore.png?resize=1200%2C806&amp;ssl=1 1200w\" sizes=\"(max-width: 1000px) 100vw, 1000px\" \/><\/figure>\n<\/div>\n<\/div>\n\n\n\n<div style=\"height:39px;width:0px\" aria-hidden=\"true\" class=\"wp-block-spacer\"><\/div>\n<\/div>\n\n\n\n<hr class=\"wp-block-separator alignwide has-text-color has-theme-5-color has-alpha-channel-opacity has-theme-5-background-color has-background is-style-wide\"\/>\n\n\n\n<div class=\"wp-block-group has-global-padding is-layout-constrained wp-block-group-is-layout-constrained\">\n<div style=\"height:32px;width:0px\" aria-hidden=\"true\" class=\"wp-block-spacer\"><\/div>\n\n\n\n<div class=\"wp-block-columns alignwide is-layout-flex wp-container-core-columns-is-layout-32aa975b wp-block-columns-is-layout-flex\">\n<div class=\"wp-block-column is-layout-flow wp-block-column-is-layout-flow\" style=\"flex-basis:150px\">\n<h4 class=\"wp-block-heading has-gotham-rounded-ssm-font-family\" style=\"font-size:clamp(0.875rem, 0.875rem + ((1vw - 0.2rem) * 0.042), 0.9rem);letter-spacing:4px;line-height:1.6\">PABLO<br>SERVIGNE<\/h4>\n<\/div>\n\n\n\n<div class=\"wp-block-column is-layout-flow wp-block-column-is-layout-flow\">\n<p class=\"has-gotham-rounded-ssm-font-family wp-block-paragraph\" style=\"font-size:clamp(14px, 0.875rem + ((1vw - 3.2px) * 0.208), 16px);font-style:normal;font-weight:300\">Pablo Servigne es un ingeniero agr\u00f3nomo y ec\u00f3logo colombo-franc\u00e9s, destacado por sus estudios sobre la colapsolog\u00eda, la cooperaci\u00f3n y el mutualismo. En su libro <em>C\u00f3mo todo puede colapsar<\/em>, explor\u00f3 a profundidad los factores que llevan la civilizaci\u00f3n termo-industrial al colapso y las posibilidades de civilizaciones post-antropoc\u00e9ntricas. Junto con Gauthier Chapelle, coescribi\u00f3 <em>L&#8217;Entraide, l&#8217;autre loi de la jungle<\/em> (La ayuda mutua, la otra ley de la jungla), desafiando la noci\u00f3n de que la competencia es el motor principal de la evoluci\u00f3n. Servigne propone que la cooperaci\u00f3n, tanto entre especies como entre individuos, es un factor crucial para la supervivencia y la resiliencia. A trav\u00e9s de sus investigaciones, ha mostrado c\u00f3mo la solidaridad y la mutualidad juegan roles fundamentales en la naturaleza y en las sociedades humanas.<\/p>\n\n\n\n<div style=\"height:42px;width:0px\" aria-hidden=\"true\" class=\"wp-block-spacer\"><\/div>\n<\/div>\n\n\n\n<div class=\"wp-block-column is-layout-flow wp-block-column-is-layout-flow\" style=\"flex-basis:132px\">\n<figure class=\"wp-block-image size-full is-style-rounded wp-duotone-121212-f9f9f9-12 is-style-rounded--11\"><img data-recalc-dims=\"1\" loading=\"lazy\" decoding=\"async\" width=\"713\" height=\"672\" data-attachment-id=\"764\" data-permalink=\"https:\/\/mundocomun.org\/en\/conferencistas-invitadxs\/240906_pablo_servigne_2-2\/\" data-orig-file=\"https:\/\/i0.wp.com\/mundocomun.org\/wp-content\/uploads\/2024\/09\/240906_Pablo_Servigne_2-1.jpg?fit=713%2C672&amp;ssl=1\" data-orig-size=\"713,672\" data-comments-opened=\"1\" data-image-meta=\"{&quot;aperture&quot;:&quot;0&quot;,&quot;credit&quot;:&quot;&quot;,&quot;camera&quot;:&quot;&quot;,&quot;caption&quot;:&quot;&quot;,&quot;created_timestamp&quot;:&quot;0&quot;,&quot;copyright&quot;:&quot;&quot;,&quot;focal_length&quot;:&quot;0&quot;,&quot;iso&quot;:&quot;0&quot;,&quot;shutter_speed&quot;:&quot;0&quot;,&quot;title&quot;:&quot;&quot;,&quot;orientation&quot;:&quot;1&quot;}\" data-image-title=\"240906_Pablo_Servigne_2\" data-image-description=\"\" data-image-caption=\"\" data-large-file=\"https:\/\/i0.wp.com\/mundocomun.org\/wp-content\/uploads\/2024\/09\/240906_Pablo_Servigne_2-1.jpg?fit=713%2C672&amp;ssl=1\" src=\"https:\/\/i0.wp.com\/mundocomun.org\/wp-content\/uploads\/2024\/09\/240906_Pablo_Servigne_2-1.jpg?resize=713%2C672&#038;ssl=1\" alt=\"\" class=\"wp-image-764\" style=\"aspect-ratio:2\/3;object-fit:cover\" srcset=\"https:\/\/i0.wp.com\/mundocomun.org\/wp-content\/uploads\/2024\/09\/240906_Pablo_Servigne_2-1.jpg?w=713&amp;ssl=1 713w, https:\/\/i0.wp.com\/mundocomun.org\/wp-content\/uploads\/2024\/09\/240906_Pablo_Servigne_2-1.jpg?resize=300%2C283&amp;ssl=1 300w, https:\/\/i0.wp.com\/mundocomun.org\/wp-content\/uploads\/2024\/09\/240906_Pablo_Servigne_2-1.jpg?resize=13%2C12&amp;ssl=1 13w\" sizes=\"(max-width: 713px) 100vw, 713px\" \/><\/figure>\n<\/div>\n<\/div>\n<\/div>\n\n\n\n<hr class=\"wp-block-separator alignwide has-text-color has-theme-5-color has-alpha-channel-opacity has-theme-5-background-color has-background is-style-wide\"\/>\n\n\n\n<div class=\"wp-block-group has-global-padding is-layout-constrained wp-block-group-is-layout-constrained\">\n<div style=\"height:32px;width:0px\" aria-hidden=\"true\" class=\"wp-block-spacer\"><\/div>\n\n\n\n<div class=\"wp-block-columns alignwide is-layout-flex wp-container-core-columns-is-layout-32aa975b wp-block-columns-is-layout-flex\">\n<div class=\"wp-block-column is-layout-flow wp-block-column-is-layout-flow\" style=\"flex-basis:150px\">\n<h4 class=\"wp-block-heading has-gotham-rounded-ssm-font-family\" style=\"font-size:clamp(0.875rem, 0.875rem + ((1vw - 0.2rem) * 0.042), 0.9rem);letter-spacing:4px;line-height:1.6\">VANESSA <br>DE OLIVEIRA ANDREOTTI<\/h4>\n<\/div>\n\n\n\n<div class=\"wp-block-column is-layout-flow wp-block-column-is-layout-flow\">\n<p class=\"has-gotham-rounded-ssm-font-family wp-block-paragraph\" style=\"font-size:clamp(14px, 0.875rem + ((1vw - 3.2px) * 0.208), 16px);font-style:normal;font-weight:300\">Vanessa Andreotti es acad\u00e9mica latinoamericana y activista por los derechos ind\u00edgenas y sus territorios. Su ense\u00f1anza e investigaci\u00f3n analizan los patrones hist\u00f3ricos y sist\u00e9micos de reproducci\u00f3n del conocimiento y las desigualdades, y c\u00f3mo estos limitan o posibilitan la existencia colectiva. Su trabajo m\u00e1s reciente gira en torno al pr\u00e1ctica de &#8220;hospicing modernity&#8221; (hospiciando la modernidad) proponiendo una reflexi\u00f3n cr\u00edtica sobre el colapso inevitable del sistema moderno. Ella enfatiza la importancia de acompa\u00f1ar este declive con cuidado y duelo, al mismo tiempo que nutre las posibilidades prenatales de futuros mundos que la Tierra est\u00e1 gestando. Esta transformaci\u00f3n \u00e9tica y espiritual, informada por la sabidur\u00eda ancestral de muchos Pueblos Ind\u00edgenas, tiene el potencial de remodelar estructuras pol\u00edticas y econ\u00f3micas de maneras que no podemos imaginar desde dentro de la modernidad misma. Vanessa es cofundadora del Colectivo de Artes\/Investigaci\u00f3n Gesturing Towards Decolonial Futures. Su pr\u00f3ximo libro, Outgrowing Modernity: Navigating Complexity, Complicity, and Collapse with Compassion and Accountability, se publicar\u00e1 en el verano de 2025.<\/p>\n\n\n\n<div style=\"height:32px;width:0px\" aria-hidden=\"true\" class=\"wp-block-spacer\"><\/div>\n<\/div>\n\n\n\n<div class=\"wp-block-column is-layout-flow wp-block-column-is-layout-flow\" style=\"flex-basis:132px\">\n<figure class=\"wp-block-image size-full is-style-rounded wp-duotone-141414-f9f9f9-14 is-style-rounded--13\"><img data-recalc-dims=\"1\" loading=\"lazy\" decoding=\"async\" width=\"900\" height=\"900\" data-attachment-id=\"766\" data-permalink=\"https:\/\/mundocomun.org\/en\/conferencistas-invitadxs\/669913a9a5ebafad399c0164_vanessaubc\/\" data-orig-file=\"https:\/\/i0.wp.com\/mundocomun.org\/wp-content\/uploads\/2024\/09\/669913a9a5ebafad399c0164_vanessaubc.jpg?fit=900%2C900&amp;ssl=1\" data-orig-size=\"900,900\" data-comments-opened=\"1\" data-image-meta=\"{&quot;aperture&quot;:&quot;0&quot;,&quot;credit&quot;:&quot;&quot;,&quot;camera&quot;:&quot;&quot;,&quot;caption&quot;:&quot;&quot;,&quot;created_timestamp&quot;:&quot;0&quot;,&quot;copyright&quot;:&quot;&quot;,&quot;focal_length&quot;:&quot;0&quot;,&quot;iso&quot;:&quot;0&quot;,&quot;shutter_speed&quot;:&quot;0&quot;,&quot;title&quot;:&quot;&quot;,&quot;orientation&quot;:&quot;1&quot;}\" data-image-title=\"669913a9a5ebafad399c0164_vanessaubc\" data-image-description=\"\" data-image-caption=\"\" data-large-file=\"https:\/\/i0.wp.com\/mundocomun.org\/wp-content\/uploads\/2024\/09\/669913a9a5ebafad399c0164_vanessaubc.jpg?fit=900%2C900&amp;ssl=1\" src=\"https:\/\/i0.wp.com\/mundocomun.org\/wp-content\/uploads\/2024\/09\/669913a9a5ebafad399c0164_vanessaubc.jpg?resize=900%2C900&#038;ssl=1\" alt=\"\" class=\"wp-image-766\" style=\"aspect-ratio:2\/3;object-fit:cover\" srcset=\"https:\/\/i0.wp.com\/mundocomun.org\/wp-content\/uploads\/2024\/09\/669913a9a5ebafad399c0164_vanessaubc.jpg?w=900&amp;ssl=1 900w, https:\/\/i0.wp.com\/mundocomun.org\/wp-content\/uploads\/2024\/09\/669913a9a5ebafad399c0164_vanessaubc.jpg?resize=300%2C300&amp;ssl=1 300w, https:\/\/i0.wp.com\/mundocomun.org\/wp-content\/uploads\/2024\/09\/669913a9a5ebafad399c0164_vanessaubc.jpg?resize=150%2C150&amp;ssl=1 150w, https:\/\/i0.wp.com\/mundocomun.org\/wp-content\/uploads\/2024\/09\/669913a9a5ebafad399c0164_vanessaubc.jpg?resize=768%2C768&amp;ssl=1 768w, https:\/\/i0.wp.com\/mundocomun.org\/wp-content\/uploads\/2024\/09\/669913a9a5ebafad399c0164_vanessaubc.jpg?resize=12%2C12&amp;ssl=1 12w, https:\/\/i0.wp.com\/mundocomun.org\/wp-content\/uploads\/2024\/09\/669913a9a5ebafad399c0164_vanessaubc.jpg?resize=800%2C800&amp;ssl=1 800w, https:\/\/i0.wp.com\/mundocomun.org\/wp-content\/uploads\/2024\/09\/669913a9a5ebafad399c0164_vanessaubc.jpg?resize=600%2C600&amp;ssl=1 600w, https:\/\/i0.wp.com\/mundocomun.org\/wp-content\/uploads\/2024\/09\/669913a9a5ebafad399c0164_vanessaubc.jpg?resize=400%2C400&amp;ssl=1 400w, https:\/\/i0.wp.com\/mundocomun.org\/wp-content\/uploads\/2024\/09\/669913a9a5ebafad399c0164_vanessaubc.jpg?resize=200%2C200&amp;ssl=1 200w\" sizes=\"(max-width: 900px) 100vw, 900px\" \/><\/figure>\n<\/div>\n<\/div>\n\n\n\n<div class=\"wp-block-columns alignwide is-layout-flex wp-container-core-columns-is-layout-32aa975b wp-block-columns-is-layout-flex\" style=\"border-top-color:var(--wp--preset--color--contrast);border-top-style:dotted;border-top-width:1px\">\n<div class=\"wp-block-column is-layout-flow wp-block-column-is-layout-flow\" style=\"flex-basis:150px\"><\/div>\n\n\n\n<div class=\"wp-block-column is-layout-flow wp-block-column-is-layout-flow\">\n<div style=\"height:24px;width:0px\" aria-hidden=\"true\" class=\"wp-block-spacer\"><\/div>\n\n\n\n<div class=\"wp-block-group is-content-justification-center is-nowrap is-layout-flex wp-container-core-group-is-layout-82936891 wp-block-group-is-layout-flex\">\n<div style=\"height:100px;width:0px\" aria-hidden=\"true\" class=\"wp-block-spacer wp-container-content-9760934e\"><\/div>\n\n\n\n<div class=\"wp-block-buttons is-layout-flex wp-block-buttons-is-layout-flex\">\n<div class=\"wp-block-button is-style-outline is-style-outline--15\"><a class=\"wp-block-button__link has-base-2-color has-text-color has-link-color wp-element-button\" href=\"https:\/\/mundocomun.org\/en\/cuerpoenjambre\/\">Volver<\/a><\/div>\n<\/div>\n\n\n\n<figure class=\"wp-block-image size-full is-resized\"><img data-recalc-dims=\"1\" loading=\"lazy\" decoding=\"async\" width=\"298\" height=\"287\" data-attachment-id=\"774\" data-permalink=\"https:\/\/mundocomun.org\/en\/conferencistas-invitadxs\/abejita-boton-2\/\" data-orig-file=\"https:\/\/i0.wp.com\/mundocomun.org\/wp-content\/uploads\/2024\/09\/Abejita-boton-1.png?fit=298%2C287&amp;ssl=1\" data-orig-size=\"298,287\" data-comments-opened=\"1\" data-image-meta=\"{&quot;aperture&quot;:&quot;0&quot;,&quot;credit&quot;:&quot;&quot;,&quot;camera&quot;:&quot;&quot;,&quot;caption&quot;:&quot;&quot;,&quot;created_timestamp&quot;:&quot;0&quot;,&quot;copyright&quot;:&quot;&quot;,&quot;focal_length&quot;:&quot;0&quot;,&quot;iso&quot;:&quot;0&quot;,&quot;shutter_speed&quot;:&quot;0&quot;,&quot;title&quot;:&quot;&quot;,&quot;orientation&quot;:&quot;0&quot;}\" data-image-title=\"Abejita boto\u0301n\" data-image-description=\"\" data-image-caption=\"\" data-large-file=\"https:\/\/i0.wp.com\/mundocomun.org\/wp-content\/uploads\/2024\/09\/Abejita-boton-1.png?fit=298%2C287&amp;ssl=1\" src=\"https:\/\/i0.wp.com\/mundocomun.org\/wp-content\/uploads\/2024\/09\/Abejita-boton-1.png?resize=298%2C287&#038;ssl=1\" alt=\"\" class=\"wp-image-774\" style=\"width:73px;height:auto\" srcset=\"https:\/\/i0.wp.com\/mundocomun.org\/wp-content\/uploads\/2024\/09\/Abejita-boton-1.png?w=298&amp;ssl=1 298w, https:\/\/i0.wp.com\/mundocomun.org\/wp-content\/uploads\/2024\/09\/Abejita-boton-1.png?resize=12%2C12&amp;ssl=1 12w\" sizes=\"(max-width: 298px) 100vw, 298px\" \/><\/figure>\n<\/div>\n<\/div>\n\n\n\n<div class=\"wp-block-column is-layout-flow wp-block-column-is-layout-flow\" style=\"flex-basis:132px\"><\/div>\n<\/div>\n<\/div>\n<\/div>\n<\/div>\n<\/div>\n<\/div>\n\n\n\n<div style=\"height:51px\" aria-hidden=\"true\" class=\"wp-block-spacer\"><\/div>\n<\/div>","protected":false},"excerpt":{"rendered":"<p>ARTURO ESCOBAR Arturo Escobar es un antrop\u00f3logo colombiano cuyas investigaciones se centran en la relacionalidad y los dise\u00f1os pluriversales, conceptos que desaf\u00edan las estructuras homog\u00e9neas y unidimensionales de desarrollo. Su obra promueve la creaci\u00f3n de mundos diversos y aut\u00f3nomos, donde las interacciones entre seres humanos y no humanos se basen en la cooperaci\u00f3n y el [&hellip;]<\/p>\n","protected":false},"author":247396401,"featured_media":0,"parent":0,"menu_order":0,"comment_status":"closed","ping_status":"closed","template":"","meta":{"_crdt_document":"","advanced_seo_description":"","jetpack_seo_html_title":"","jetpack_seo_noindex":false,"footnotes":""},"class_list":["post-707","page","type-page","status-publish","hentry"],"jetpack_likes_enabled":true,"jetpack_sharing_enabled":true,"jetpack_shortlink":"https:\/\/wp.me\/Pfzmdr-bp","jetpack-related-posts":[],"_links":{"self":[{"href":"https:\/\/mundocomun.org\/en\/wp-json\/wp\/v2\/pages\/707","targetHints":{"allow":["GET"]}}],"collection":[{"href":"https:\/\/mundocomun.org\/en\/wp-json\/wp\/v2\/pages"}],"about":[{"href":"https:\/\/mundocomun.org\/en\/wp-json\/wp\/v2\/types\/page"}],"author":[{"embeddable":true,"href":"https:\/\/mundocomun.org\/en\/wp-json\/wp\/v2\/users\/247396401"}],"replies":[{"embeddable":true,"href":"https:\/\/mundocomun.org\/en\/wp-json\/wp\/v2\/comments?post=707"}],"version-history":[{"count":55,"href":"https:\/\/mundocomun.org\/en\/wp-json\/wp\/v2\/pages\/707\/revisions"}],"predecessor-version":[{"id":1117,"href":"https:\/\/mundocomun.org\/en\/wp-json\/wp\/v2\/pages\/707\/revisions\/1117"}],"wp:attachment":[{"href":"https:\/\/mundocomun.org\/en\/wp-json\/wp\/v2\/media?parent=707"}],"curies":[{"name":"wp","href":"https:\/\/api.w.org\/{rel}","templated":true}]}}