{"id":568,"date":"2024-09-10T12:21:53","date_gmt":"2024-09-10T17:21:53","guid":{"rendered":"https:\/\/mundocomun.org\/?page_id=568"},"modified":"2025-07-31T16:33:32","modified_gmt":"2025-07-31T21:33:32","slug":"cuerpoenjambre","status":"publish","type":"page","link":"https:\/\/mundocomun.org\/en\/cuerpoenjambre\/","title":{"rendered":"Cuerpo Enjambre"},"content":{"rendered":"<div class=\"wp-block-group alignfull is-style-section-3 is-layout-flow wp-block-group-is-layout-flow\" style=\"margin-top:0;margin-bottom:0\">\n<div class=\"wp-block-cover is-light alignfull is-style-default\" style=\"margin-top:0;margin-bottom:0;padding-right:var(--wp--preset--spacing--50);padding-left:var(--wp--preset--spacing--50);min-height:393px;aspect-ratio:unset;\"><img data-recalc-dims=\"1\" fetchpriority=\"high\" decoding=\"async\" width=\"817\" height=\"588\" data-attachment-id=\"637\" data-permalink=\"https:\/\/mundocomun.org\/en\/cuerpoenjambre\/tumblr_p6ogzzil6u1tn7avwo1_1280\/\" data-orig-file=\"https:\/\/i0.wp.com\/mundocomun.org\/wp-content\/uploads\/2024\/09\/tumblr_p6ogzziL6u1tn7avwo1_1280.png?fit=817%2C588&amp;ssl=1\" data-orig-size=\"817,588\" data-comments-opened=\"1\" data-image-meta=\"{&quot;aperture&quot;:&quot;0&quot;,&quot;credit&quot;:&quot;&quot;,&quot;camera&quot;:&quot;&quot;,&quot;caption&quot;:&quot;&quot;,&quot;created_timestamp&quot;:&quot;0&quot;,&quot;copyright&quot;:&quot;&quot;,&quot;focal_length&quot;:&quot;0&quot;,&quot;iso&quot;:&quot;0&quot;,&quot;shutter_speed&quot;:&quot;0&quot;,&quot;title&quot;:&quot;&quot;,&quot;orientation&quot;:&quot;0&quot;}\" data-image-title=\"tumblr_p6ogzziL6u1tn7avwo1_1280\" data-image-description=\"\" data-image-caption=\"\" data-large-file=\"https:\/\/i0.wp.com\/mundocomun.org\/wp-content\/uploads\/2024\/09\/tumblr_p6ogzziL6u1tn7avwo1_1280.png?fit=817%2C588&amp;ssl=1\" class=\"wp-block-cover__image-background wp-image-637\" alt=\"\" src=\"https:\/\/i0.wp.com\/mundocomun.org\/wp-content\/uploads\/2024\/09\/tumblr_p6ogzziL6u1tn7avwo1_1280.png?resize=817%2C588&#038;ssl=1\" style=\"object-position:49% 7%\" data-object-fit=\"cover\" data-object-position=\"49% 7%\" srcset=\"https:\/\/i0.wp.com\/mundocomun.org\/wp-content\/uploads\/2024\/09\/tumblr_p6ogzziL6u1tn7avwo1_1280.png?w=817&amp;ssl=1 817w, https:\/\/i0.wp.com\/mundocomun.org\/wp-content\/uploads\/2024\/09\/tumblr_p6ogzziL6u1tn7avwo1_1280.png?resize=300%2C216&amp;ssl=1 300w, https:\/\/i0.wp.com\/mundocomun.org\/wp-content\/uploads\/2024\/09\/tumblr_p6ogzziL6u1tn7avwo1_1280.png?resize=768%2C553&amp;ssl=1 768w, https:\/\/i0.wp.com\/mundocomun.org\/wp-content\/uploads\/2024\/09\/tumblr_p6ogzziL6u1tn7avwo1_1280.png?resize=18%2C12&amp;ssl=1 18w\" sizes=\"(max-width: 817px) 100vw, 817px\" \/><span aria-hidden=\"true\" class=\"wp-block-cover__background has-background-dim\" style=\"background-color:#363025\"><\/span><div class=\"wp-block-cover__inner-container is-layout-flow wp-block-cover-is-layout-flow\">\n<h3 class=\"wp-block-heading has-text-align-center text-balance has-text-color has-link-color has-gotham-rounded-ssm-font-family wp-elements-c71c0b2acc2b86845afab13ac1ccaf28\" style=\"color:#e6e3ce;margin-top:0;margin-right:0;margin-bottom:0;margin-left:0;font-size:clamp(0.875rem, 0.875rem + ((1vw - 0.2rem) * 0.542), 1.2rem);font-style:normal;font-weight:700;letter-spacing:20px;line-height:1.6\"><strong>AI<\/strong><br><strong> ACTIVACIONES INTERESPECIE<\/strong><\/h3>\n<\/div><\/div>\n<\/div>\n\n\n\n<div class=\"wp-block-group alignfull has-accent-background-color has-background has-global-padding is-layout-constrained wp-container-core-group-is-layout-73128380 wp-block-group-is-layout-constrained\" style=\"margin-top:0;margin-bottom:0;padding-top:var(--wp--preset--spacing--50);padding-right:var(--wp--preset--spacing--50);padding-bottom:var(--wp--preset--spacing--50);padding-left:var(--wp--preset--spacing--50)\">\n<div class=\"wp-block-columns alignwide is-layout-flex wp-container-core-columns-is-layout-a0d91a25 wp-block-columns-is-layout-flex\">\n<div class=\"wp-block-column is-vertically-aligned-stretch is-layout-flow wp-block-column-is-layout-flow\" style=\"flex-basis:50%\">\n<div class=\"wp-block-group is-vertical is-content-justification-stretch is-layout-flex wp-container-core-group-is-layout-c042bc37 wp-block-group-is-layout-flex\" style=\"min-height:100%\">\n<h2 class=\"wp-block-heading has-text-color has-link-color has-large-font-size wp-elements-77fc78a0a98bdf07ca332ecf81e9f8eb\" style=\"color:#ded9c3;padding-top:0;padding-bottom:0\">CUERPO ENJAMBRE<\/h2>\n\n\n\n<p class=\"has-text-color has-link-color has-gotham-rounded-ssm-font-family wp-elements-94a80dc087c41de499f82c31770bdda3 wp-block-paragraph\" style=\"color:#ded9c3;padding-top:0;padding-right:0;font-size:clamp(0.875rem, 0.875rem + ((1vw - 0.2rem) * 0.208), 1rem);font-style:normal;font-weight:300;line-height:1.8\"><em>Cuerpo Enjambre <\/em>es un encuentro transdisciplinar de investigadorxs y creadorxs dedicado a nutrir nuevos sentidos de realidad y a la inspiraci\u00f3n mutua de la fuerza creativa. Este co-laboratorio combina un programa acad\u00e9mico de di\u00e1logos virtuales, una inmersi\u00f3n presencial en el Amazonas, y la posibilidad de participar en un proceso posterior de creaci\u00f3n colectiva de dispositivos de escucha de lo vivo. Nos dedicaremos a indagar sobre gestos de cuidado del cuerpo-territorio para tender v\u00edas concretas hacia la restauraci\u00f3n eco-sist\u00e9mica. Esperamos provocar encuentros desde lo est\u00e9tico, lo afectivo, y entre distintos cuerpos de conocimiento que instiguen la imaginaci\u00f3n de nuevas historias y formas de contarlas.<br>&nbsp;<br>Convocamos a esta <em>Activaci\u00f3n Interespecie<\/em> ante la necesidad apremiante de ampliar las maneras de acompa\u00f1arnos en la complejidad de la transici\u00f3n planetaria actual. Queremos congregar el gozo y la belleza como lugares de pr\u00e1ctica corporeizada en la fractalidad de la transformaci\u00f3n, en la conciencia de ser a la vez miembros del hiper-objeto transtemporal que es la especie humana y sus consecuencias, y contener mundos microsc\u00f3picos en nuestro interior infinito. <br><br><em>Cuerpo Enjambre <\/em>es una invitaci\u00f3n a ha<em>ser<\/em> mundo com\u00fan.<\/p>\n\n\n\n<p class=\"wp-block-paragraph\"><strong>ATENCI\u00d3N:<\/strong> la convocatoria ya cerr\u00f3, no se reciben nuevas postulaciones.<\/p>\n<\/div>\n<\/div>\n\n\n\n<div class=\"wp-block-column is-vertically-aligned-center is-layout-flow wp-block-column-is-layout-flow\" style=\"flex-basis:50%\">\n<figure class=\"wp-block-image size-large is-style-rounded is-style-rounded--1\"><img data-recalc-dims=\"1\" decoding=\"async\" width=\"600\" height=\"1024\" data-attachment-id=\"631\" data-permalink=\"https:\/\/mundocomun.org\/en\/cuerpoenjambre\/cartel_web\/\" data-orig-file=\"https:\/\/i0.wp.com\/mundocomun.org\/wp-content\/uploads\/2024\/09\/Cartel_web.png?fit=2342%2C4000&amp;ssl=1\" data-orig-size=\"2342,4000\" data-comments-opened=\"1\" data-image-meta=\"{&quot;aperture&quot;:&quot;0&quot;,&quot;credit&quot;:&quot;&quot;,&quot;camera&quot;:&quot;&quot;,&quot;caption&quot;:&quot;&quot;,&quot;created_timestamp&quot;:&quot;0&quot;,&quot;copyright&quot;:&quot;&quot;,&quot;focal_length&quot;:&quot;0&quot;,&quot;iso&quot;:&quot;0&quot;,&quot;shutter_speed&quot;:&quot;0&quot;,&quot;title&quot;:&quot;&quot;,&quot;orientation&quot;:&quot;0&quot;}\" data-image-title=\"Cartel_web\" data-image-description=\"\" data-image-caption=\"\" data-large-file=\"https:\/\/i0.wp.com\/mundocomun.org\/wp-content\/uploads\/2024\/09\/Cartel_web.png?fit=600%2C1024&amp;ssl=1\" src=\"https:\/\/i0.wp.com\/mundocomun.org\/wp-content\/uploads\/2024\/09\/Cartel_web.png?resize=600%2C1024&#038;ssl=1\" alt=\"\" class=\"wp-image-631\" style=\"aspect-ratio:2\/3;object-fit:contain\" srcset=\"https:\/\/i0.wp.com\/mundocomun.org\/wp-content\/uploads\/2024\/09\/Cartel_web.png?resize=600%2C1024&amp;ssl=1 600w, https:\/\/i0.wp.com\/mundocomun.org\/wp-content\/uploads\/2024\/09\/Cartel_web.png?resize=176%2C300&amp;ssl=1 176w, https:\/\/i0.wp.com\/mundocomun.org\/wp-content\/uploads\/2024\/09\/Cartel_web.png?resize=768%2C1312&amp;ssl=1 768w, https:\/\/i0.wp.com\/mundocomun.org\/wp-content\/uploads\/2024\/09\/Cartel_web.png?resize=899%2C1536&amp;ssl=1 899w, https:\/\/i0.wp.com\/mundocomun.org\/wp-content\/uploads\/2024\/09\/Cartel_web.png?resize=1199%2C2048&amp;ssl=1 1199w, https:\/\/i0.wp.com\/mundocomun.org\/wp-content\/uploads\/2024\/09\/Cartel_web.png?resize=7%2C12&amp;ssl=1 7w, https:\/\/i0.wp.com\/mundocomun.org\/wp-content\/uploads\/2024\/09\/Cartel_web.png?resize=1200%2C2050&amp;ssl=1 1200w, https:\/\/i0.wp.com\/mundocomun.org\/wp-content\/uploads\/2024\/09\/Cartel_web.png?w=2000&amp;ssl=1 2000w\" sizes=\"(max-width: 600px) 100vw, 600px\" \/><\/figure>\n<\/div>\n<\/div>\n<\/div>\n\n\n\n<div class=\"wp-block-group alignfull has-global-padding is-content-justification-center is-layout-constrained wp-container-core-group-is-layout-41256d17 wp-block-group-is-layout-constrained\" style=\"margin-top:0;margin-bottom:0;padding-top:calc( 0.5 * var(--wp--style--root--padding-right, var(--wp--custom--gap--horizontal)));padding-right:var(--wp--style--root--padding-right, var(--wp--custom--gap--horizontal));padding-bottom:calc( 0.5 * var(--wp--style--root--padding-right, var(--wp--custom--gap--horizontal)));padding-left:var(--wp--style--root--padding-left, var(--wp--custom--gap--horizontal))\">\n<div style=\"height:11px\" aria-hidden=\"true\" class=\"wp-block-spacer\"><\/div>\n\n\n\n<h3 class=\"wp-block-heading alignwide has-text-align-center has-text-color has-link-color has-large-font-size wp-elements-e44affaa85a02e98eb63f5534b9f405c\" style=\"color:#ded9c3;letter-spacing:10px\">ENCUENTRO &amp; CONVOCATORIA<\/h3>\n\n\n\n<div style=\"height:12px\" aria-hidden=\"true\" class=\"wp-block-spacer\"><\/div>\n<\/div>\n\n\n\n<div class=\"wp-block-group alignfull has-global-padding is-content-justification-center is-layout-constrained wp-container-core-group-is-layout-7cd794a2 wp-block-group-is-layout-constrained\" style=\"margin-top:0;margin-bottom:0;padding-top:calc( 0.5 * var(--wp--style--root--padding-right, var(--wp--custom--gap--horizontal)));padding-right:var(--wp--style--root--padding-right, var(--wp--custom--gap--horizontal));padding-bottom:calc( 0.5 * var(--wp--style--root--padding-right, var(--wp--custom--gap--horizontal)));padding-left:var(--wp--style--root--padding-left, var(--wp--custom--gap--horizontal))\">\n<div style=\"height:14px\" aria-hidden=\"true\" class=\"wp-block-spacer\"><\/div>\n\n\n\n<div class=\"wp-block-group alignwide has-global-padding is-layout-constrained wp-container-core-group-is-layout-f15145cb wp-block-group-is-layout-constrained\">\n<div class=\"wp-block-columns alignwide is-layout-flex wp-container-core-columns-is-layout-3a88641f wp-block-columns-is-layout-flex\">\n<div class=\"wp-block-column is-layout-flow wp-block-column-is-layout-flow\" style=\"flex-basis:40%\">\n<h2 class=\"wp-block-heading has-text-color has-link-color wp-elements-4c8bff68e42ad4e82750aa5e89adc7cd\" style=\"color:#ded9c3;font-size:clamp(0.875rem, 0.875rem + ((1vw - 0.2rem) * 0.208), 1rem);letter-spacing:6px;line-height:1.6\">ENJAMBRES DE <br>COLABORACI\u00d3N<\/h2>\n<\/div>\n\n\n\n<div class=\"wp-block-column custom-accordion has-text-color has-link-color wp-elements-d27d831ef0a0a250b163c17fae6c58f7 is-layout-flow wp-container-core-column-is-layout-0f85d81d wp-block-column-is-layout-flow\" style=\"border-style:none;border-width:0px;border-radius:0px;color:#ded9c3;padding-top:0px\">\n<div class=\"wp-block-pb-accordion-item c-accordion__item js-accordion-item no-js\" data-initially-open=\"false\" data-click-to-close=\"true\" data-auto-close=\"true\" data-scroll=\"false\" data-scroll-offset=\"0\"><h5 id=\"at-5680\" class=\"c-accordion__title js-accordion-controller\" role=\"button\">Ejercicios especulativos de bio-<em>poiesis<\/em><\/h5><div id=\"ac-5680\" class=\"c-accordion__content\">\n<p class=\"has-text-color has-link-color has-gotham-rounded-ssm-font-family wp-elements-0ace388885dd0ebefbcd39723570ab8d wp-block-paragraph\" style=\"color:#ded9c3;font-size:clamp(14px, 0.875rem + ((1vw - 3.2px) * 0.208), 16px);font-style:normal;font-weight:300\">El dise\u00f1o de este encuentro propone conformar enjambres como m\u00e9todo de organizaci\u00f3n para practicar la creaci\u00f3n colectiva, incluyendo a seres no humanos, y la exploraci\u00f3n compartida de tecnolog\u00edas de escucha. Se inspira en el lenguaje sensible de las abejas, su capacidad de aprendizaje social, de colaborar con lo invisible y de ser cart\u00f3grafas y arquitectas de nuevos mundos. Cuando una colmena se ve amenazada, algunas abejas se organizan en <em>enjambres <\/em>para navegar territorios desconocidos y encontrar lugares propicios para construir un nuevo hogar. Con danzas intrincadas y precisas, se\u00f1alan a las dem\u00e1s el nuevo sitio &#8211; es su modo de mapear caminos hacia futuros habitables.&nbsp;<br><br>Invitamos a lxs participantes a unirse a este ejercicio especulativo de bio-<em>poiesis<\/em> &#8211; el hacer creador de la Naturaleza-, bajo un principio colaborativo, tambi\u00e9n especulativo, de encontrar formas de ayuda mutua, desde el cuidado de la autonom\u00eda. Con una metodolog\u00eda semiestructurada, sostendremos juntxs los espacios virtuales y presenciales desde los cuerpos de conocimiento, quehaceres, y preguntas de cada quien, permitiendo la emergencia de la memoria de lo vivo y de la inteligencia colectiva.<\/p>\n<\/div><\/div>\n<\/div>\n<\/div>\n\n\n\n<hr class=\"wp-block-separator alignwide has-text-color has-alpha-channel-opacity has-background is-style-wide\" style=\"background-color:#4747471a;color:#4747471a\"\/>\n\n\n\n<div class=\"wp-block-columns alignwide is-layout-flex wp-container-core-columns-is-layout-3a88641f wp-block-columns-is-layout-flex\">\n<div class=\"wp-block-column is-layout-flow wp-container-core-column-is-layout-3b978abc wp-block-column-is-layout-flow\" style=\"padding-right:0;flex-basis:40%\">\n<h2 class=\"wp-block-heading has-text-color has-link-color wp-elements-b8e13fc4c965a7e68d8c9e204d3c9593\" style=\"color:#ded9c3;padding-top:0;padding-right:var(--wp--preset--spacing--10);padding-bottom:0;font-size:clamp(0.875rem, 0.875rem + ((1vw - 0.2rem) * 0.208), 1rem);letter-spacing:6px;line-height:1.6\">ESTRUCTURA DEL PROGRAMA Y DEDICACI\u00d3N DE ENERG\u00cdA. <em>PRIMERA FASE<\/em><\/h2>\n<\/div>\n\n\n\n<div class=\"wp-block-column is-layout-flow wp-block-column-is-layout-flow\">\n<div class=\"wp-block-pb-accordion-item c-accordion__item js-accordion-item no-js\" data-initially-open=\"false\" data-click-to-close=\"true\" data-auto-close=\"true\" data-scroll=\"false\" data-scroll-offset=\"0\"><h5 id=\"at-5681\" class=\"c-accordion__title js-accordion-controller\" role=\"button\">Duraci\u00f3n e inmersi\u00f3n en el Amazonas<\/h5><div id=\"ac-5681\" class=\"c-accordion__content\">\n<p class=\"has-text-color has-link-color has-gotham-rounded-ssm-font-family wp-elements-d61daed10f9eada1e27e6170f9263cdf wp-block-paragraph\" style=\"color:#ded9c3;font-size:clamp(14px, 0.875rem + ((1vw - 3.2px) * 0.208), 16px);font-style:normal;font-weight:300\">Cuerpo Enjambre se desarrollar\u00e1 entre el 11 de Noviembre de 2024 y el 28 de febrero de 2025: <\/p>\n\n\n\n<div class=\"wp-block-group alignfull has-global-padding is-layout-constrained wp-container-core-group-is-layout-1e25c067 wp-block-group-is-layout-constrained\" style=\"border-style:none;border-width:0px;border-radius:0px;margin-top:0;margin-bottom:0;padding-top:12px;padding-right:0px;padding-bottom:35px;padding-left:0px\">\n<div class=\"wp-block-group alignwide has-global-padding is-layout-constrained wp-block-group-is-layout-constrained\" style=\"border-top-color:var(--wp--preset--color--theme-4);border-top-width:1px\">\n<div style=\"height:0px\" aria-hidden=\"true\" class=\"wp-block-spacer\"><\/div>\n\n\n\n<div class=\"wp-block-columns alignfull are-vertically-aligned-center is-layout-flex wp-container-core-columns-is-layout-fa1d03ce wp-block-columns-is-layout-flex\">\n<div class=\"wp-block-column is-vertically-aligned-center is-layout-flow wp-block-column-is-layout-flow\" style=\"flex-basis:30%\">\n<h5 class=\"wp-block-heading has-theme-4-color has-text-color has-link-color wp-elements-43995982c9df01c8cf2c5dcd57260114\">Nov 11-29<\/h5>\n<\/div>\n\n\n\n<div class=\"wp-block-column is-vertically-aligned-center has-global-padding is-layout-constrained wp-block-column-is-layout-constrained\" style=\"flex-basis:70%\">\n<p class=\"has-text-align-left has-gotham-rounded-ssm-font-family has-small-font-size wp-block-paragraph\" style=\"font-style:normal;font-weight:300\">Encuentros virtuales (uno semanal de dos horas de duraci\u00f3n) con conferencistas invitadxs<\/p>\n<\/div>\n<\/div>\n<\/div>\n\n\n\n<div class=\"wp-block-group alignwide has-global-padding is-layout-constrained wp-container-core-group-is-layout-d5c0f611 wp-block-group-is-layout-constrained\" style=\"border-top-width:1px\">\n<div style=\"height:0px\" aria-hidden=\"true\" class=\"wp-block-spacer\"><\/div>\n\n\n\n<div class=\"wp-block-columns alignwide are-vertically-aligned-center is-layout-flex wp-container-core-columns-is-layout-3a88641f wp-block-columns-is-layout-flex\">\n<div class=\"wp-block-column is-vertically-aligned-center is-layout-flow wp-block-column-is-layout-flow\" style=\"flex-basis:30%\">\n<h5 class=\"wp-block-heading has-theme-4-color has-text-color has-link-color wp-elements-d57aaab9f4f04591192ba1c2f84b68ca\">D<strong>ic 8-14<\/strong><\/h5>\n<\/div>\n\n\n\n<div class=\"wp-block-column is-vertically-aligned-center is-layout-flow wp-block-column-is-layout-flow\" style=\"flex-basis:70%\">\n<p class=\"has-text-align-left has-gotham-rounded-ssm-font-family has-small-font-size wp-block-paragraph\" style=\"font-style:normal;font-weight:300\">Inmersi\u00f3n presencial en la selva del Amazonas<\/p>\n<\/div>\n<\/div>\n<\/div>\n\n\n\n<div class=\"wp-block-group alignwide has-global-padding is-layout-constrained wp-block-group-is-layout-constrained\" style=\"border-top-width:1px\">\n<div style=\"height:0px\" aria-hidden=\"true\" class=\"wp-block-spacer\"><\/div>\n\n\n\n<div class=\"wp-block-columns alignwide are-vertically-aligned-center is-layout-flex wp-container-core-columns-is-layout-fa1d03ce wp-block-columns-is-layout-flex\">\n<div class=\"wp-block-column is-vertically-aligned-center is-layout-flow wp-block-column-is-layout-flow\" style=\"flex-basis:30%\">\n<h5 class=\"wp-block-heading has-theme-4-color has-text-color has-link-color wp-elements-5dd27f2f27c913f6647d528998fe65c6\">Dic 15-Ene 27<\/h5>\n<\/div>\n\n\n\n<div class=\"wp-block-column is-vertically-aligned-center is-layout-flow wp-block-column-is-layout-flow\" style=\"flex-basis:70%\">\n<div class=\"wp-block-group is-nowrap is-layout-flex wp-container-core-group-is-layout-3a88641f wp-block-group-is-layout-flex\">\n<p class=\"has-text-align-left has-gotham-rounded-ssm-font-family has-small-font-size wp-block-paragraph\" style=\"font-style:normal;font-weight:300\">Pausa y fermento<\/p>\n<\/div>\n<\/div>\n<\/div>\n\n\n\n<div style=\"height:0px\" aria-hidden=\"true\" class=\"wp-block-spacer\"><\/div>\n<\/div>\n\n\n\n<div class=\"wp-block-group alignwide is-layout-flow wp-block-group-is-layout-flow\" style=\"border-top-width:1px\">\n<div style=\"height:0px\" aria-hidden=\"true\" class=\"wp-block-spacer\"><\/div>\n\n\n\n<div class=\"wp-block-columns alignwide are-vertically-aligned-center is-layout-flex wp-container-core-columns-is-layout-3a88641f wp-block-columns-is-layout-flex\">\n<div class=\"wp-block-column is-vertically-aligned-center is-layout-flow wp-block-column-is-layout-flow\" style=\"border-radius:0px;flex-basis:30%\">\n<div class=\"wp-block-group is-nowrap is-layout-flex wp-container-core-group-is-layout-40af6500 wp-block-group-is-layout-flex\">\n<h5 class=\"wp-block-heading has-theme-4-color has-text-color has-link-color wp-elements-86bb33dbbd319b95c62367214fc302bb\">Ene 17- Feb 28<\/h5>\n<\/div>\n<\/div>\n\n\n\n<div class=\"wp-block-column is-vertically-aligned-center is-layout-flow wp-block-column-is-layout-flow\" style=\"flex-basis:70%\">\n<p class=\"has-text-align-left has-gotham-rounded-ssm-font-family has-small-font-size wp-block-paragraph\" style=\"font-style:normal;font-weight:300\">Encuentros virtuales (uno semanal de dos horas de duraci\u00f3n) con conferencistas invitadxs<\/p>\n<\/div>\n<\/div>\n\n\n\n<div style=\"height:2px\" aria-hidden=\"true\" class=\"wp-block-spacer\"><\/div>\n<\/div>\n<\/div>\n\n\n\n<p class=\"has-text-color has-link-color has-gotham-rounded-ssm-font-family wp-elements-dd53bca7569377baf87472023e1e2a3a wp-block-paragraph\" style=\"color:#ded9c3;font-size:clamp(14px, 0.875rem + ((1vw - 3.2px) * 0.208), 16px);font-style:normal;font-weight:300\">Estaremos a 60 km de Leticia, en las lindes del parque nacional Amakayaku y la comunidad de Mocagua, en un punto nodal en la red de conexiones amaz\u00f3nicas, equidistantes de la desembocadura del Amazonas en el Atl\u00e1ntico, y de su nacimiento en los Andes. Nos reuniremos en <a href=\"https:\/\/www.calanoaamazonas.com\/\">Calanoa<\/a>, un espacio dedicado a la conservaci\u00f3n de la diversidad biocultural y a la creatividad aplicada. El alojamiento ser\u00e1 en habitaciones compartidas.&nbsp;&nbsp;<\/p>\n\n\n\n<p class=\"has-text-color has-link-color has-gotham-rounded-ssm-font-family wp-elements-34b0b79119b6fdcf6455497eb5313c7b wp-block-paragraph\" style=\"color:#ded9c3;font-size:clamp(14px, 0.875rem + ((1vw - 3.2px) * 0.208), 16px);font-style:normal;font-weight:300\">Durante nuestra visita, dedicaremos tiempo a la introspecci\u00f3n individual y a la exploraci\u00f3n colectiva de tecnolog\u00edas de escucha del cuerpo-territorio, la selva y los seres que la habitan. Habr\u00e1 lugar para el silencio, la contemplaci\u00f3n, y la exploraci\u00f3n aut\u00f3noma, as\u00ed como momentos de polinizaci\u00f3n cruzada y de di\u00e1logo de saberes, pr\u00e1cticas y preguntas entre lxs participantes.<\/p>\n<\/div><\/div>\n<\/div>\n<\/div>\n\n\n\n<hr class=\"wp-block-separator alignwide has-text-color has-alpha-channel-opacity has-background is-style-wide\" style=\"background-color:#4747471a;color:#4747471a\"\/>\n\n\n\n<div class=\"wp-block-columns alignwide is-layout-flex wp-container-core-columns-is-layout-3a88641f wp-block-columns-is-layout-flex\">\n<div class=\"wp-block-column is-layout-flow wp-block-column-is-layout-flow\" style=\"flex-basis:40%\">\n<h2 class=\"wp-block-heading\" style=\"font-size:clamp(0.875rem, 0.875rem + ((1vw - 0.2rem) * 0.208), 1rem);letter-spacing:6px;line-height:1.6\">CONTINUACI\u00d3N. <em>SEGUNDA FASE<\/em><\/h2>\n<\/div>\n\n\n\n<div class=\"wp-block-column is-layout-flow wp-block-column-is-layout-flow\">\n<div class=\"wp-block-pb-accordion-item c-accordion__item js-accordion-item no-js\" data-initially-open=\"false\" data-click-to-close=\"true\" data-auto-close=\"true\" data-scroll=\"false\" data-scroll-offset=\"0\"><h5 id=\"at-5682\" class=\"c-accordion__title js-accordion-controller\" role=\"button\">Seguir con el problema<em> &#8211; \u2018Staying with the trouble\u2019<\/em><\/h5><div id=\"ac-5682\" class=\"c-accordion__content\">\n<p class=\"has-text-color has-link-color has-gotham-rounded-ssm-font-family wp-elements-20ea769d899a90ff552af87a4d3e36cc wp-block-paragraph\" style=\"color:#ded9c3;font-size:clamp(14px, 0.875rem + ((1vw - 3.2px) * 0.208), 16px);font-style:normal;font-weight:300\">Lxs participantes de <em>Cuerpo Enjambre<\/em> tendr\u00e1n la oportunidad de hacer parte de una siguiente fase dedicada a la creaci\u00f3n, entre febrero 1 y mayo 31 de 2025. Podr\u00e1n acceder a un fondo de creaci\u00f3n dispuesto por Mundo Com\u00fan que distribuir\u00e1 un m\u00e1ximo total de $100 millones de pesos colombianos. Esta invitaci\u00f3n est\u00e1 abierta \u00fanicamente a lxs participantes del encuentro, quienes podr\u00e1n configurar nuevos enjambres de co-creaci\u00f3n (humanos y m\u00e1s-que-humanos). <\/p>\n\n\n\n<p class=\"has-text-color has-link-color has-gotham-rounded-ssm-font-family wp-elements-c1759d921f1cfbacdb08a0a586181af9 wp-block-paragraph\" style=\"color:#ded9c3;font-size:clamp(14px, 0.875rem + ((1vw - 3.2px) * 0.208), 16px);font-style:normal;font-weight:300\">Mundo Com\u00fan determinar\u00e1 el monto de inversi\u00f3n para financiar la co-creaci\u00f3n de manera total o parcial en funci\u00f3n de la relaci\u00f3n entre el costo de cada proyecto, su envergadura, y su potencial narrativo y transformador. Priorizaremos la sinton\u00eda con el prop\u00f3sito de Mundo Com\u00fan de crear y expandir nuevas narrativas que contribuyan a la construcci\u00f3n de un mundo compartido y a una cultura del cuidado e interconexi\u00f3n entre todo lo vivo.<\/p>\n\n\n\n<p class=\"has-text-color has-link-color has-gotham-rounded-ssm-font-family wp-elements-a43a5daa3eb571006fc9b65d047b279c wp-block-paragraph\" style=\"color:#ded9c3;font-size:clamp(14px, 0.875rem + ((1vw - 3.2px) * 0.208), 16px);font-style:normal;font-weight:300\">La distribuci\u00f3n total o parcial de este fondo se har\u00e1 entre los enjambres que se comprometan con este proceso creativo colectivo en el tiempo propuesto. Cada enjambre podr\u00e1 proponer y ejecutar un proyecto de investigaci\u00f3n-creaci\u00f3n de dispositivos de escucha de lo vivo como medios narrativos para contar nuevas historias, incluyendo su posterior difusi\u00f3n p\u00fablica.<\/p>\n\n\n\n<p class=\"has-text-color has-link-color has-gotham-rounded-ssm-font-family wp-elements-e43fd480738b58a0410db126d5e45657 wp-block-paragraph\" style=\"color:#ded9c3;font-size:clamp(14px, 0.875rem + ((1vw - 3.2px) * 0.208), 16px);font-style:normal;font-weight:300\">Esta invitaci\u00f3n no es una competencia por los recursos ni requiere pasar por un proceso de postulaci\u00f3n adicional. Cuerpo Enjambre parte de la confianza en el poder creativo de cada unx de lxs participantes.<\/p>\n<\/div><\/div>\n<\/div>\n<\/div>\n\n\n\n<hr class=\"wp-block-separator alignwide has-text-color has-alpha-channel-opacity has-background is-style-wide\" style=\"background-color:#4747471a;color:#4747471a\"\/>\n\n\n\n<div class=\"wp-block-columns alignwide is-layout-flex wp-container-core-columns-is-layout-3a88641f wp-block-columns-is-layout-flex\">\n<div class=\"wp-block-column is-layout-flow wp-block-column-is-layout-flow\" style=\"flex-basis:40%\">\n<h2 class=\"wp-block-heading\" style=\"font-size:clamp(0.875rem, 0.875rem + ((1vw - 0.2rem) * 0.208), 1rem);letter-spacing:6px;line-height:1.6\">DI\u00c1LOGOS VIRTUALES<\/h2>\n<\/div>\n\n\n\n<div class=\"wp-block-column is-layout-flow wp-block-column-is-layout-flow\">\n<div class=\"wp-block-pb-accordion-item c-accordion__item js-accordion-item no-js\" data-initially-open=\"false\" data-click-to-close=\"true\" data-auto-close=\"true\" data-scroll=\"false\" data-scroll-offset=\"0\"><h5 id=\"at-5683\" class=\"c-accordion__title js-accordion-controller\" role=\"button\">Maestrxs y sabedorxs<\/h5><div id=\"ac-5683\" class=\"c-accordion__content\">\n<p class=\"has-text-color has-link-color has-gotham-rounded-ssm-font-family wp-elements-a06a455d0bcd7f92af9a61f7210cb6b7 wp-block-paragraph\" style=\"color:#ded9c3;font-size:clamp(14px, 0.875rem + ((1vw - 3.2px) * 0.208), 16px);font-style:normal;font-weight:300\">Antes y despu\u00e9s de la inmersi\u00f3n presencial, compartiremos un espacio virtual con maestrxs y sabedorxs para inspirar nuevas ideas, formas de pensamiento y de lenguaje divergentes. Esperamos ahondar en las reflexiones y preguntas que compartimos durante el tr\u00e1nsito que est\u00e1 ocurriendo a nivel planetario, y nutrir el compost colectivo de la re-futurizaci\u00f3n.<\/p>\n<\/div><\/div>\n\n\n\n<p class=\"has-text-color has-link-color has-small-font-size wp-elements-f5aa8057f479bd86a74ec941ae9f7845 wp-block-paragraph\" style=\"color:#ded9c3f2\"><span style=\"text-decoration: underline;\"><a href=\"https:\/\/mundocomun.org\/en\/conferencistas-invitadxs\/\" data-type=\"link\" data-id=\"https:\/\/mundocomun.org\/conferencistas-invitadxs\/\">Algunxs conferencistas confirmadxs<\/a><\/span> \u2192<\/p>\n<\/div>\n<\/div>\n\n\n\n<hr class=\"wp-block-separator alignwide has-text-color has-alpha-channel-opacity has-background is-style-wide\" style=\"background-color:#4747471a;color:#4747471a\"\/>\n<\/div>\n\n\n\n<div style=\"height:36px\" aria-hidden=\"true\" class=\"wp-block-spacer\"><\/div>\n\n\n\n<div class=\"wp-block-group alignwide has-global-padding is-layout-constrained wp-container-core-group-is-layout-f15145cb wp-block-group-is-layout-constrained\">\n<div class=\"wp-block-columns alignwide is-layout-flex wp-container-core-columns-is-layout-3a88641f wp-block-columns-is-layout-flex\">\n<div class=\"wp-block-column is-layout-flow wp-block-column-is-layout-flow\" style=\"flex-basis:40%\">\n<h2 class=\"wp-block-heading\" style=\"font-size:clamp(0.875rem, 0.875rem + ((1vw - 0.2rem) * 0.208), 1rem);letter-spacing:6px;line-height:1.6\">PERFIL DE PARTICIPANTES<\/h2>\n<\/div>\n\n\n\n<div class=\"wp-block-column is-layout-flow wp-container-core-column-is-layout-0f85d81d wp-block-column-is-layout-flow\" style=\"border-style:none;border-width:0px;border-radius:0px;padding-top:0px\">\n<div class=\"wp-block-pb-accordion-item c-accordion__item js-accordion-item no-js\" data-initially-open=\"false\" data-click-to-close=\"true\" data-auto-close=\"true\" data-scroll=\"false\" data-scroll-offset=\"0\"><h5 id=\"at-5684\" class=\"c-accordion__title js-accordion-controller\" role=\"button\">A qui\u00e9nes convocamos<\/h5><div id=\"ac-5684\" class=\"c-accordion__content\">\n<p class=\"has-text-color has-link-color has-gotham-rounded-ssm-font-family wp-elements-e6d7556207011e33f963f54b623d6bc9 wp-block-paragraph\" style=\"color:#ded9c3;font-size:clamp(14px, 0.875rem + ((1vw - 3.2px) * 0.208), 16px);font-style:normal;font-weight:300\"><em>Cuerpo Enjambre <\/em>convoca a personas con pr\u00e1cticas creativas e investigativas que trasciendan las fronteras tradicionales entre disciplinas, y est\u00e9n convencidas de la necesidad de colaborar en la construcci\u00f3n de mundos orientados a la restauraci\u00f3n y la regeneraci\u00f3n eco-sist\u00e9mica. Prestamos especial atenci\u00f3n a la diversidad, por lo que invitamos especialmente a creadorxs e investigadorxs de m\u00faltiples \u00e1reas que operan en los intersticios de las artes, las ciencias, las ecolog\u00edas, las tecnolog\u00edas y otras pr\u00e1cticas emergentes y transdisciplinarias, integrando saberes y haceres que no necesariamente encajan en categor\u00edas preestablecidas.<\/p>\n\n\n\n<p class=\"has-text-color has-link-color has-gotham-rounded-ssm-font-family wp-elements-6c2f52bc124efff0143cc0055e098fa9 wp-block-paragraph\" style=\"color:#ded9c3;font-size:clamp(14px, 0.875rem + ((1vw - 3.2px) * 0.208), 16px);font-style:normal;font-weight:300\">Nos entusiasma recibir a personas que, desde sus campos de acci\u00f3n, creaci\u00f3n o influencia, est\u00e9n dispuestas a hacer resonar los aprendizajes compartidos y las exploraciones del programa. Esperamos a personas que vengan con el coraz\u00f3n y la mente abiertos a la imaginaci\u00f3n colectiva del espacio y de nuevos mundos posibles.<\/p>\n<\/div><\/div>\n<\/div>\n<\/div>\n\n\n\n<hr class=\"wp-block-separator alignwide has-text-color has-alpha-channel-opacity has-background is-style-wide\" style=\"background-color:#4747471a;color:#4747471a\"\/>\n\n\n\n<div class=\"wp-block-columns alignwide is-layout-flex wp-container-core-columns-is-layout-3a88641f wp-block-columns-is-layout-flex\">\n<div class=\"wp-block-column is-layout-flow wp-container-core-column-is-layout-3b978abc wp-block-column-is-layout-flow\" style=\"padding-right:0;flex-basis:40%\">\n<h2 class=\"wp-block-heading\" style=\"padding-top:0;padding-right:var(--wp--preset--spacing--10);padding-bottom:0;font-size:clamp(0.875rem, 0.875rem + ((1vw - 0.2rem) * 0.208), 1rem);letter-spacing:6px;line-height:1.6\">MECANISMO DE POSTULACI\u00d3N<\/h2>\n<\/div>\n\n\n\n<div class=\"wp-block-column is-layout-flow wp-block-column-is-layout-flow\">\n<div class=\"wp-block-pb-accordion-item c-accordion__item js-accordion-item no-js\" data-initially-open=\"false\" data-click-to-close=\"true\" data-auto-close=\"true\" data-scroll=\"false\" data-scroll-offset=\"0\"><h5 id=\"at-5685\" class=\"c-accordion__title js-accordion-controller\" role=\"button\">Formulario y criterios de selecci\u00f3n<\/h5><div id=\"ac-5685\" class=\"c-accordion__content\">\n<p class=\"has-text-color has-link-color has-gotham-rounded-ssm-font-family wp-elements-e3dd0a11df0efdb838802280e9e2ff19 wp-block-paragraph\" style=\"color:#ded9c3;font-size:clamp(14px, 0.875rem + ((1vw - 3.2px) * 0.208), 16px);font-style:normal;font-weight:300\">Cuerpo Enjambre recibir\u00e1 a 20 personas bajo un modelo h\u00edbrido que combina invitaciones directas y una convocatoria abierta al p\u00fablico. Las postulaciones a la convocatoria p\u00fablica se recibir\u00e1n hasta el domingo <strong>6 de octubre<\/strong> a las 12 de la medianoche hora colombiana.<\/p>\n\n\n\n<ul class=\"wp-block-list is-style-checkmark-list\">\n<li class=\"has-gotham-rounded-ssm-font-family\" style=\"font-size:clamp(14px, 0.875rem + ((1vw - 3.2px) * 0.208), 16px);font-style:normal;font-weight:300\">Las postulaciones ser\u00e1n revisadas caso por caso en orden de llegada por el equipo de Mundo Com\u00fan, por medio de un sistema de evaluaci\u00f3n de pares.&nbsp;<\/li>\n\n\n\n<li class=\"has-gotham-rounded-ssm-font-family\" style=\"font-size:clamp(14px, 0.875rem + ((1vw - 3.2px) * 0.208), 16px);font-style:normal;font-weight:300\">Ser\u00e1n evaluadas de forma continua a medida que se reciban, hasta completar los cupos disponibles. <em>Aquellas que se presenten con antelaci\u00f3n tendr\u00e1n una mayor probabilidad de ser aceptadas.<\/em><\/li>\n\n\n\n<li class=\"has-gotham-rounded-ssm-font-family\" style=\"font-size:clamp(14px, 0.875rem + ((1vw - 3.2px) * 0.208), 16px);font-style:normal;font-weight:300\">Tendremos en cuenta el inter\u00e9s por el trabajo en colectivo, la disposici\u00f3n para entrar en di\u00e1logo creativo con lo m\u00e1s-que-humano, la curiosidad por la experimentaci\u00f3n, la sensibilidad perceptiva, y la actitud abierta a la escucha profunda de otros seres y realidades.<\/li>\n\n\n\n<li class=\"has-gotham-rounded-ssm-font-family\" style=\"font-size:clamp(14px, 0.875rem + ((1vw - 3.2px) * 0.208), 16px);font-style:normal;font-weight:300\">Observaremos las cualidades y virtudes de las formas de <em>saber-hacer<\/em> de cada postulante, su autenticidad, y la capacidad para comunicar sus ideas.&nbsp;<\/li>\n<\/ul>\n\n\n\n<p class=\"has-text-color has-link-color has-gotham-rounded-ssm-font-family wp-elements-89270aecbede0e8ec09ad13d43e4b78e wp-block-paragraph\" style=\"color:#ded9c3;font-size:clamp(14px, 0.875rem + ((1vw - 3.2px) * 0.208), 16px);font-style:normal;font-weight:300\">Postular una candidatura para participar en<em> Cuerpo Enjambre<\/em> es totalmente gratuito. Daremos una respuesta a todas las candidaturas, exitosas o no, el <strong>viernes 11 de octubre<\/strong> de 2024.&nbsp;<\/p>\n\n\n\n<div style=\"height:30px\" aria-hidden=\"true\" class=\"wp-block-spacer\"><\/div>\n\n\n\n<div class=\"wp-block-buttons is-content-justification-center is-layout-flex wp-container-core-buttons-is-layout-0aa01211 wp-block-buttons-is-layout-flex\">\n<div class=\"wp-block-button\"><a class=\"wp-block-button__link has-background wp-element-button\" style=\"background-color:#ded9c3\">Proceso de postulaci\u00f3n cerrado<\/a><\/div>\n<\/div>\n\n\n\n<div style=\"height:20px\" aria-hidden=\"true\" class=\"wp-block-spacer\"><\/div>\n<\/div><\/div>\n<\/div>\n<\/div>\n<\/div>\n<\/div>\n\n\n\n<div class=\"wp-block-group alignfull has-global-padding is-layout-constrained wp-container-core-group-is-layout-288ce37b wp-block-group-is-layout-constrained\" style=\"margin-top:0;margin-bottom:0;padding-top:var(--wp--preset--spacing--30);padding-right:var(--wp--preset--spacing--50);padding-bottom:var(--wp--preset--spacing--20);padding-left:var(--wp--preset--spacing--50)\">\n<div class=\"wp-block-group alignwide has-base-2-background-color has-background has-global-padding is-layout-constrained wp-container-core-group-is-layout-d25ada51 wp-block-group-is-layout-constrained\" style=\"border-radius:16px;padding-top:var(--wp--preset--spacing--50);padding-right:var(--wp--preset--spacing--40);padding-bottom:var(--wp--preset--spacing--50);padding-left:var(--wp--preset--spacing--40)\">\n<div class=\"wp-block-group alignwide is-vertical is-content-justification-stretch is-layout-flex wp-container-core-group-is-layout-d8dce8eb wp-block-group-is-layout-flex\">\n<h3 class=\"wp-block-heading has-text-align-center\" style=\"font-size:clamp(1.039rem, 1.039rem + ((1vw - 0.2rem) * 0.935), 1.6rem);letter-spacing:6px\">MODELO DE CONTRIBUCIONES DIFERENCIADAS<\/h3>\n\n\n\n<p class=\"has-text-align-center has-gotham-rounded-ssm-font-family wp-block-paragraph\" style=\"margin-top:var(--wp--preset--spacing--10);font-size:clamp(14px, 0.875rem + ((1vw - 3.2px) * 0.208), 16px);font-style:normal;font-weight:300\">Mundo Com\u00fan propicia una \u00e9tica del cuidado y de las contribuciones mutuas basadas en la reciprocidad. El valor de participar en esta <em>Activaci\u00f3n Interespecie <\/em>no se mide en dinero. El costo estimado por persona para siete d\u00edas en el Amazonas (incluyendo alojamiento, alimentaci\u00f3n y transporte fluvial en la zona) y la participaci\u00f3n virtual de invitados que acompa\u00f1ar\u00e1n los espacios de di\u00e1logo, es de $4,120,000 COP o $1000 USD, sin incluir el dise\u00f1o y facilitaci\u00f3n del espacio. <strong>Los gastos de viaje de ida y vuelta entre los lugares de origen y Leticia no est\u00e1n incluidos en este esquema y correr\u00e1n por cuenta de cada participante.&nbsp;<\/strong><\/p>\n\n\n\n<p class=\"has-text-align-center has-gotham-rounded-ssm-font-family wp-block-paragraph\" style=\"margin-top:var(--wp--preset--spacing--10);font-size:clamp(14px, 0.875rem + ((1vw - 3.2px) * 0.208), 16px);font-style:normal;font-weight:300\">Para hacer posible esta y futuras experiencias similares, seguiremos un modelo de contribuci\u00f3n voluntaria diferenciada. <strong>Una vez aceptada su postulaci\u00f3n<\/strong>, cada participante podr\u00e1 realizar su aporte seg\u00fan sus capacidades de pago, teniendo en cuenta los rangos sugeridos a continuaci\u00f3n:<\/p>\n<\/div>\n\n\n\n<div style=\"height:var(--wp--preset--spacing--30)\" aria-hidden=\"true\" class=\"wp-block-spacer\"><\/div>\n\n\n\n<div class=\"wp-block-columns alignwide is-layout-flex wp-container-core-columns-is-layout-5a989b3a wp-block-columns-is-layout-flex\">\n<div class=\"wp-block-column is-layout-flow wp-block-column-is-layout-flow\" style=\"border-top-color:var(--wp--preset--color--contrast-3);border-top-width:1px;padding-top:var(--wp--preset--spacing--30);padding-right:var(--wp--preset--spacing--30);padding-bottom:var(--wp--preset--spacing--10);padding-left:var(--wp--preset--spacing--30)\">\n<h4 class=\"wp-block-heading has-text-align-center has-medium-font-size\" style=\"padding-top:1px\"><em>Rango 1<\/em><\/h4>\n\n\n\n<h5 class=\"wp-block-heading has-text-align-center\" style=\"font-size:clamp(0.875rem, 0.875rem + ((1vw - 0.2rem) * 0.708), 1.3rem);font-style:normal;font-weight:300;line-height:1.6\">COP$412.000 &#8211; COP$1.650.000<\/h5>\n\n\n\n<div class=\"wp-block-group is-vertical is-content-justification-stretch is-layout-flex wp-container-core-group-is-layout-d8dce8eb wp-block-group-is-layout-flex\">\n<p class=\"has-text-align-center wp-block-paragraph\" style=\"font-size:14px;font-style:normal;font-weight:500\">(USD$100 &#8211; USD$400)<\/p>\n\n\n\n<hr class=\"wp-block-separator has-text-color has-contrast-3-color has-alpha-channel-opacity has-contrast-3-background-color has-background is-style-wide\"\/>\n\n\n\n<p class=\"has-gotham-rounded-ssm-font-family has-small-font-size wp-block-paragraph\" style=\"font-style:normal;font-weight:300\">Personas que se encuentran en condiciones econ\u00f3micas desfavorables y enfrentan dificultades para cubrir sus necesidades b\u00e1sicas, como alimentaci\u00f3n, vivienda y transporte. Tienen deudas que restringen sus opciones financieras y limitan su acceso a servicios de salud. Su capacidad para ahorrar o disfrutar de momentos de descanso y ocio, es pr\u00e1cticamente inexistente.<\/p>\n\n\n\n<hr class=\"wp-block-separator has-text-color has-contrast-3-color has-alpha-channel-opacity has-contrast-3-background-color has-background is-style-wide\"\/>\n<\/div>\n\n\n\n<div style=\"height:var(--wp--preset--spacing--10)\" aria-hidden=\"true\" class=\"wp-block-spacer\"><\/div>\n<\/div>\n\n\n\n<div class=\"wp-block-column is-layout-flow wp-block-column-is-layout-flow\" style=\"border-top-color:var(--wp--preset--color--contrast-3);border-top-width:1px;padding-top:var(--wp--preset--spacing--30);padding-right:var(--wp--preset--spacing--30);padding-bottom:var(--wp--preset--spacing--10);padding-left:var(--wp--preset--spacing--30)\">\n<h4 class=\"wp-block-heading has-text-align-center has-medium-font-size\"><em>Rango 2<\/em><\/h4>\n\n\n\n<h5 class=\"wp-block-heading has-text-align-center\" style=\"font-size:clamp(0.875rem, 0.875rem + ((1vw - 0.2rem) * 0.708), 1.3rem);font-style:normal;font-weight:300;line-height:1.6\">COP$1.650.000 &#8211; COP$2.890.000<\/h5>\n\n\n\n<div class=\"wp-block-group is-vertical is-content-justification-stretch is-nowrap is-layout-flex wp-container-core-group-is-layout-0f0b95e2 wp-block-group-is-layout-flex\">\n<p class=\"has-text-align-center wp-block-paragraph\" style=\"font-size:14px\">(USD$401 &#8211; USD$700)<\/p>\n\n\n\n<hr class=\"wp-block-separator has-text-color has-contrast-3-color has-alpha-channel-opacity has-contrast-3-background-color has-background is-style-wide\"\/>\n\n\n\n<p class=\"has-gotham-rounded-ssm-font-family has-small-font-size wp-block-paragraph\" style=\"font-style:normal;font-weight:300\">Personas que tienen una situaci\u00f3n econ\u00f3mica estable, lo que les permite cubrir las necesidades b\u00e1sicas. Aunque pueden tener algunas deudas, \u00e9stas no afectan su bienestar. Tienen acceso a transporte p\u00fablico y privado, servicios de salud, y pueden ahorrar y disfrutar de vacaciones ocasionales sin comprometer su estabilidad econ\u00f3mica.<\/p>\n\n\n\n<hr class=\"wp-block-separator has-text-color has-contrast-3-color has-alpha-channel-opacity has-contrast-3-background-color has-background is-style-wide\"\/>\n<\/div>\n\n\n\n<div style=\"height:var(--wp--preset--spacing--10)\" aria-hidden=\"true\" class=\"wp-block-spacer\"><\/div>\n<\/div>\n\n\n\n<div class=\"wp-block-column is-layout-flow wp-block-column-is-layout-flow\" style=\"border-top-color:var(--wp--preset--color--contrast-3);border-top-width:1px;padding-top:var(--wp--preset--spacing--30);padding-right:var(--wp--preset--spacing--30);padding-bottom:var(--wp--preset--spacing--10);padding-left:var(--wp--preset--spacing--30)\">\n<h4 class=\"wp-block-heading has-text-align-center has-medium-font-size\" style=\"padding-top:1px\"><em>Rango 3<\/em><\/h4>\n\n\n\n<h5 class=\"wp-block-heading has-text-align-center\" style=\"font-size:clamp(0.875rem, 0.875rem + ((1vw - 0.2rem) * 0.708), 1.3rem);font-style:normal;font-weight:300;line-height:1.6\">COP$2.890.000 &#8211; COP$4.120.000<\/h5>\n\n\n\n<div class=\"wp-block-group is-vertical is-content-justification-stretch is-layout-flex wp-container-core-group-is-layout-d8dce8eb wp-block-group-is-layout-flex\">\n<p class=\"has-text-align-center wp-block-paragraph\" style=\"font-size:14px\">(USD$701 &#8211; USD$1000)<\/p>\n\n\n\n<hr class=\"wp-block-separator has-text-color has-contrast-3-color has-alpha-channel-opacity has-contrast-3-background-color has-background is-style-wide\"\/>\n\n\n\n<p class=\"has-gotham-rounded-ssm-font-family has-small-font-size wp-block-paragraph\" style=\"font-style:normal;font-weight:300\">Personas que tienen una condici\u00f3n econ\u00f3mica m\u00e1s estable, lo que les permite cubrir todas sus necesidades b\u00e1sicas con tranquilidad. Pueden ser propietarias de viviendas o alquilar propiedades muy c\u00f3modas, acceder a transporte privado, y contar con servicios de salud de calidad. Tienen capacidad de ahorrar y disfrutar de vacaciones sin preocupaciones financieras.<\/p>\n\n\n\n<hr class=\"wp-block-separator has-text-color has-contrast-3-color has-alpha-channel-opacity has-contrast-3-background-color has-background is-style-wide\"\/>\n<\/div>\n\n\n\n<div style=\"height:var(--wp--preset--spacing--10)\" aria-hidden=\"true\" class=\"wp-block-spacer\"><\/div>\n<\/div>\n<\/div>\n\n\n\n<p class=\"has-text-align-center has-small-font-size wp-block-paragraph\" style=\"margin-top:var(--wp--preset--spacing--10)\">Todas las contribuciones ser\u00e1n confidenciales. Independientemente del aporte realizado, la experiencia ser\u00e1 la misma para todxs lxs participantes. Si puedes aportar el valor m\u00e1ximo o m\u00e1s por favor hazlo &#8211; nos ayuda a financiar la participaci\u00f3n de otrxs y a sostener estos espacios en el tiempo. Si consideras que tu capacidad de pago no est\u00e1 dentro de los rangos sugeridos y requieres alg\u00fan tipo de apoyo adicional, escr\u00edbenos con tu caso a <a href=\"mailto:info@mundocomun.org\">info@mundocomun.org<\/a>.<\/p>\n<\/div>\n<\/div>\n\n\n\n<div class=\"wp-block-group alignfull has-global-padding is-content-justification-center is-layout-constrained wp-container-core-group-is-layout-08a31a5b wp-block-group-is-layout-constrained\" style=\"margin-top:0;margin-bottom:0;padding-top:calc( 0.5 * var(--wp--style--root--padding-right, var(--wp--custom--gap--horizontal)));padding-right:var(--wp--style--root--padding-right, var(--wp--custom--gap--horizontal));padding-bottom:32px;padding-left:var(--wp--style--root--padding-left, var(--wp--custom--gap--horizontal))\">\n<div class=\"wp-block-group alignwide is-layout-flow wp-container-core-group-is-layout-b4d04ffe wp-block-group-is-layout-flow\">\n<div class=\"wp-block-group is-content-justification-space-between is-layout-flex wp-container-core-group-is-layout-b17fcee3 wp-block-group-is-layout-flex\" style=\"padding-top:var(--wp--preset--spacing--20);padding-bottom:var(--wp--preset--spacing--20)\">\n<div class=\"wp-block-group is-vertical is-content-justification-stretch is-layout-flex wp-container-core-group-is-layout-4fbe61b8 wp-block-group-is-layout-flex\" style=\"padding-top:var(--wp--preset--spacing--10);padding-bottom:var(--wp--preset--spacing--10)\">\n<h3 class=\"wp-block-heading is-event-name\" style=\"font-size:clamp(0.929rem, 0.929rem + ((1vw - 0.2rem) * 0.785), 1.4rem);letter-spacing:6px\">SESIONES INFORMATIVAS Y CONTACTO<\/h3>\n\n\n\n<p class=\"is-event-date is-event-location has-gotham-rounded-ssm-font-family has-small-font-size wp-block-paragraph\" style=\"font-style:normal;font-weight:300\">Puedes revisar las dos sesiones informativas que tuvierin lugar v\u00eda zoom durante el mes de septiembre. Si tienes preguntas adicionales, puedes revisar las secci\u00f3n de preguntas frecuentes, escribirnos a <a href=\"mailto:info@mundocomun.org\">info@mundocomun.org<\/a>, o por Whatsapp al +57 320 3027920, y te daremos respuesta tan pronto nos sea posible.<\/p>\n<\/div>\n<\/div>\n\n\n\n<div class=\"wp-block-group is-content-justification-space-between is-layout-flex wp-container-core-group-is-layout-b78dd0e0 wp-block-group-is-layout-flex\" style=\"border-top-color:var(--wp--preset--color--theme-2);border-top-width:1px;padding-top:var(--wp--preset--spacing--40);padding-bottom:var(--wp--preset--spacing--40)\">\n<div class=\"wp-block-group is-vertical is-content-justification-stretch is-layout-flex wp-container-core-group-is-layout-c3356f6f wp-block-group-is-layout-flex\">\n<h4 class=\"wp-block-heading is-event-name\" style=\"font-size:clamp(0.875rem, 0.875rem + ((1vw - 0.2rem) * 0.708), 1.3rem);font-style:normal;font-weight:300\">Primer encuentro informativo<\/h4>\n\n\n\n<p class=\"is-event-date is-event-location has-gotham-rounded-ssm-font-family has-small-font-size wp-block-paragraph\" style=\"font-style:normal;font-weight:300\"><s>Lunes 16 de septiembre, 5:00 PM &#8211; 6:30 PM COT. Reg\u00edstrate para recibir el enlace a la reuni\u00f3n.<\/s><\/p>\n<\/div>\n\n\n\n<div class=\"wp-block-buttons is-layout-flex wp-block-buttons-is-layout-flex\">\n<div class=\"wp-block-button has-custom-width wp-block-button__width-100 is-style-outline is-style-outline--2\"><a class=\"wp-block-button__link has-theme-1-background-color has-text-color has-background has-link-color wp-element-button\" href=\"https:\/\/zoom.us\/rec\/play\/hFMYu2QPTuPQDZu7Fp2a52Re_6KSdOAXrKGyXNXgpyyssjNla44AI-6YlGZ9IVDYSZ6Dw5XDl1GPavCR.3jnXZrzcDBXs6qq2?canPlayFromShare=true&amp;from=share_recording_detail&amp;continueMode=true&amp;componentName=rec-play&amp;originRequestUrl=https%3A%2F%2Fzoom.us%2Frec%2Fshare%2FbXTQa51FtiqdsLOX7GFk3GK4Zr0InF67TzXWsaSSeeu0H3KOAFu5rQxIjPEYMgH7.U7hyqS5f7oIsB0_9\" style=\"color:#ded9c3\">Ver grabaci\u00f3n<\/a><\/div>\n<\/div>\n<\/div>\n\n\n\n<div class=\"wp-block-group is-content-justification-space-between is-layout-flex wp-container-core-group-is-layout-b78dd0e0 wp-block-group-is-layout-flex\" style=\"border-top-color:var(--wp--preset--color--theme-2);border-top-width:1px;padding-top:var(--wp--preset--spacing--40);padding-bottom:var(--wp--preset--spacing--40)\">\n<div class=\"wp-block-group is-vertical is-content-justification-stretch is-layout-flex wp-container-core-group-is-layout-c3356f6f wp-block-group-is-layout-flex\">\n<h4 class=\"wp-block-heading is-event-name\" style=\"font-size:clamp(0.875rem, 0.875rem + ((1vw - 0.2rem) * 0.708), 1.3rem);font-style:normal;font-weight:300\">Segundo encuentro informativo<\/h4>\n\n\n\n<p class=\"is-event-date is-event-location has-gotham-rounded-ssm-font-family has-small-font-size wp-block-paragraph\" style=\"font-style:normal;font-weight:300\"><s>Viernes 27 de septiembre, 5:00 PM &#8211; 6:30 PM COT. Reg\u00edstrate para recibir el enlace a la reuni\u00f3n.<\/s><\/p>\n<\/div>\n\n\n\n<div class=\"wp-block-buttons is-layout-flex wp-block-buttons-is-layout-flex\">\n<div class=\"wp-block-button is-style-outline is-style-outline--3\"><a class=\"wp-block-button__link has-theme-1-background-color has-text-color has-background has-link-color wp-element-button\" href=\"https:\/\/zoom.us\/rec\/play\/L9Yn2PG5NKL3CVZm-F_RQVIP7ZRPLrR_kAyOfKpOkXp95DQqtzkQ0PdevVRW2aM92J-EsQ0IBC7uvUlZ.na46ya_SlYrUSMo2?canPlayFromShare=true&amp;from=share_recording_detail&amp;continueMode=true&amp;componentName=rec-play&amp;originRequestUrl=https%3A%2F%2Fzoom.us%2Frec%2Fshare%2FX1isnSZYrzAf80zLH78ahXilctw3Yzaf69DyXh8I-lAvj2ghupvMqISQlBZyskxj.8vvh0qx7T2jMJhkP\" style=\"color:#ded9c3\" target=\"_blank\" rel=\"noreferrer noopener\">Ver grabaci\u00f3n<\/a><\/div>\n<\/div>\n<\/div>\n<\/div>\n\n\n\n<div style=\"height:24px\" aria-hidden=\"true\" class=\"wp-block-spacer\"><\/div>\n<\/div>\n\n\n\n<hr class=\"wp-block-separator has-alpha-channel-opacity is-style-dots\"\/>\n\n\n\n<div style=\"height:37px\" aria-hidden=\"true\" class=\"wp-block-spacer\"><\/div>\n\n\n\n<div class=\"wp-block-group alignfull has-global-padding is-content-justification-center is-layout-constrained wp-container-core-group-is-layout-7cd794a2 wp-block-group-is-layout-constrained\" style=\"margin-top:0;margin-bottom:0;padding-top:calc( 0.5 * var(--wp--style--root--padding-right, var(--wp--custom--gap--horizontal)));padding-right:var(--wp--style--root--padding-right, var(--wp--custom--gap--horizontal));padding-bottom:calc( 0.5 * var(--wp--style--root--padding-right, var(--wp--custom--gap--horizontal)));padding-left:var(--wp--style--root--padding-left, var(--wp--custom--gap--horizontal))\">\n<h3 class=\"wp-block-heading alignwide has-text-color has-link-color wp-elements-7b47e62d9601a7b3df05d9c774c6ab7c\" style=\"color:#ded9c3;font-size:clamp(0.929rem, 0.929rem + ((1vw - 0.2rem) * 0.785), 1.4rem);letter-spacing:6px\">FECHAS IMPORTANTES<\/h3>\n\n\n\n<div style=\"height:38px\" aria-hidden=\"true\" class=\"wp-block-spacer\"><\/div>\n\n\n\n<div class=\"wp-block-columns alignwide is-layout-flex wp-container-core-columns-is-layout-ef10d34a wp-block-columns-is-layout-flex\">\n<div class=\"wp-block-column has-global-padding is-layout-constrained wp-container-core-column-is-layout-d9d5aa82 wp-block-column-is-layout-constrained\" style=\"padding-right:var(--wp--preset--spacing--30)\">\n<h4 class=\"wp-block-heading has-text-align-left is-service-name\"><s>Oct. 6<\/s><\/h4>\n\n\n\n<h4 class=\"wp-block-heading has-small-font-size\">2024<\/h4>\n\n\n\n<p class=\"has-text-align-left is-service-description has-small-font-size wp-block-paragraph\" style=\"margin-right:0\">Cierre de la convocatoria<\/p>\n\n\n\n<div style=\"height:26px\" aria-hidden=\"true\" class=\"wp-block-spacer\"><\/div>\n<\/div>\n\n\n\n<div class=\"wp-block-column has-global-padding is-layout-constrained wp-container-core-column-is-layout-d9d5aa82 wp-block-column-is-layout-constrained\" style=\"padding-right:var(--wp--preset--spacing--30)\">\n<h4 class=\"wp-block-heading has-text-align-left is-service-name\" style=\"font-style:normal;font-weight:300\"><s>Oct. 11<\/s><\/h4>\n\n\n\n<h4 class=\"wp-block-heading has-small-font-size\">2024<\/h4>\n\n\n\n<p class=\"has-text-align-left is-service-description has-small-font-size wp-block-paragraph\">Anuncio de resultados de convocatoria<\/p>\n\n\n\n<div style=\"height:26px\" aria-hidden=\"true\" class=\"wp-block-spacer\"><\/div>\n<\/div>\n\n\n\n<div class=\"wp-block-column has-global-padding is-layout-constrained wp-container-core-column-is-layout-d9d5aa82 wp-block-column-is-layout-constrained\" style=\"padding-right:var(--wp--preset--spacing--30)\">\n<h4 class=\"wp-block-heading has-text-align-left is-service-name\" style=\"font-style:normal;font-weight:300\"><s>Nov. 11<\/s><\/h4>\n\n\n\n<h4 class=\"wp-block-heading has-small-font-size\">2024<\/h4>\n\n\n\n<p class=\"has-text-align-left is-service-description has-small-font-size wp-block-paragraph\">Inicio programa virtual -Primera parte<\/p>\n\n\n\n<div style=\"height:26px\" aria-hidden=\"true\" class=\"wp-block-spacer\"><\/div>\n<\/div>\n\n\n\n<div class=\"wp-block-column has-global-padding is-layout-constrained wp-container-core-column-is-layout-d9d5aa82 wp-block-column-is-layout-constrained\" style=\"padding-right:var(--wp--preset--spacing--30)\">\n<h4 class=\"wp-block-heading has-text-align-left is-service-name\" style=\"font-style:normal;font-weight:300\"><s>Dic. 8-14<\/s><\/h4>\n\n\n\n<h4 class=\"wp-block-heading has-small-font-size\">2024<\/h4>\n\n\n\n<p class=\"has-text-align-left is-service-description has-small-font-size wp-block-paragraph\">Inmersi\u00f3n presencial (Amazonas)<\/p>\n\n\n\n<div style=\"height:26px\" aria-hidden=\"true\" class=\"wp-block-spacer\"><\/div>\n<\/div>\n\n\n\n<div class=\"wp-block-column is-layout-flow wp-block-column-is-layout-flow\" style=\"padding-right:var(--wp--preset--spacing--30)\">\n<h4 class=\"wp-block-heading has-text-align-left is-service-name is-style-default\" style=\"font-style:normal;font-weight:300\"><s>Ene. 27<\/s><\/h4>\n\n\n\n<h4 class=\"wp-block-heading has-small-font-size\">2025<\/h4>\n\n\n\n<p class=\"has-text-align-left is-service-description has-small-font-size wp-block-paragraph\">Inicio programa virtual -Segunda parte<\/p>\n\n\n\n<div style=\"height:26px\" aria-hidden=\"true\" class=\"wp-block-spacer\"><\/div>\n<\/div>\n\n\n\n<div class=\"wp-block-column is-layout-flow wp-block-column-is-layout-flow\">\n<h4 class=\"wp-block-heading has-text-align-left is-service-name\" style=\"font-style:normal;font-weight:300\">Sept. 15<\/h4>\n\n\n\n<h4 class=\"wp-block-heading has-small-font-size\">2025<\/h4>\n\n\n\n<p class=\"has-text-align-left is-service-description has-small-font-size wp-block-paragraph\">Finalizaci\u00f3n de fase de creaci\u00f3n<\/p>\n<\/div>\n<\/div>\n<\/div>\n\n\n\n<hr class=\"wp-block-separator has-alpha-channel-opacity is-style-dots\"\/>\n\n\n\n<div style=\"height:24px\" aria-hidden=\"true\" class=\"wp-block-spacer\"><\/div>\n\n\n\n<div class=\"wp-block-buttons is-content-justification-center is-layout-flex wp-container-core-buttons-is-layout-0aa01211 wp-block-buttons-is-layout-flex\">\n<div class=\"wp-block-button\"><a class=\"wp-block-button__link wp-element-button\" href=\"https:\/\/mundocomun.org\/en\/preguntasfrecuentescuerpoenjambre\/\">Preguntas frecuentes<\/a><\/div>\n<\/div>\n\n\n\n<div style=\"height:50px\" aria-hidden=\"true\" class=\"wp-block-spacer\"><\/div>\n\n\n\n<figure class=\"wp-block-image aligncenter size-full is-resized\"><img data-recalc-dims=\"1\" decoding=\"async\" width=\"943\" height=\"357\" data-attachment-id=\"807\" data-permalink=\"https:\/\/mundocomun.org\/en\/cuerpoenjambre\/abejitas-trio-2\/\" data-orig-file=\"https:\/\/i0.wp.com\/mundocomun.org\/wp-content\/uploads\/2024\/09\/Abejitas-trio-1.png?fit=943%2C357&amp;ssl=1\" data-orig-size=\"943,357\" data-comments-opened=\"1\" data-image-meta=\"{&quot;aperture&quot;:&quot;0&quot;,&quot;credit&quot;:&quot;&quot;,&quot;camera&quot;:&quot;&quot;,&quot;caption&quot;:&quot;&quot;,&quot;created_timestamp&quot;:&quot;0&quot;,&quot;copyright&quot;:&quot;&quot;,&quot;focal_length&quot;:&quot;0&quot;,&quot;iso&quot;:&quot;0&quot;,&quot;shutter_speed&quot;:&quot;0&quot;,&quot;title&quot;:&quot;&quot;,&quot;orientation&quot;:&quot;0&quot;}\" data-image-title=\"Abejitas tri\u0301o\" data-image-description=\"\" data-image-caption=\"\" data-large-file=\"https:\/\/i0.wp.com\/mundocomun.org\/wp-content\/uploads\/2024\/09\/Abejitas-trio-1.png?fit=943%2C357&amp;ssl=1\" src=\"https:\/\/i0.wp.com\/mundocomun.org\/wp-content\/uploads\/2024\/09\/Abejitas-trio-1.png?resize=943%2C357&#038;ssl=1\" alt=\"\" class=\"wp-image-807\" style=\"width:412px;height:auto\" srcset=\"https:\/\/i0.wp.com\/mundocomun.org\/wp-content\/uploads\/2024\/09\/Abejitas-trio-1.png?w=943&amp;ssl=1 943w, https:\/\/i0.wp.com\/mundocomun.org\/wp-content\/uploads\/2024\/09\/Abejitas-trio-1.png?resize=300%2C114&amp;ssl=1 300w, https:\/\/i0.wp.com\/mundocomun.org\/wp-content\/uploads\/2024\/09\/Abejitas-trio-1.png?resize=768%2C291&amp;ssl=1 768w, https:\/\/i0.wp.com\/mundocomun.org\/wp-content\/uploads\/2024\/09\/Abejitas-trio-1.png?resize=18%2C7&amp;ssl=1 18w\" sizes=\"(max-width: 943px) 100vw, 943px\" \/><\/figure>\n\n\n\n<p class=\"wp-block-paragraph\"><\/p>","protected":false},"excerpt":{"rendered":"<p>Encuentro transdiciplinar de creaci\u00f3n<\/p>","protected":false},"author":247396401,"featured_media":637,"parent":0,"menu_order":0,"comment_status":"closed","ping_status":"closed","template":"","meta":{"_crdt_document":"","advanced_seo_description":"","jetpack_seo_html_title":"","jetpack_seo_noindex":false,"footnotes":""},"class_list":["post-568","page","type-page","status-publish","has-post-thumbnail","hentry"],"jetpack_likes_enabled":true,"jetpack_sharing_enabled":true,"jetpack_shortlink":"https:\/\/wp.me\/Pfzmdr-9a","jetpack-related-posts":[],"_links":{"self":[{"href":"https:\/\/mundocomun.org\/en\/wp-json\/wp\/v2\/pages\/568","targetHints":{"allow":["GET"]}}],"collection":[{"href":"https:\/\/mundocomun.org\/en\/wp-json\/wp\/v2\/pages"}],"about":[{"href":"https:\/\/mundocomun.org\/en\/wp-json\/wp\/v2\/types\/page"}],"author":[{"embeddable":true,"href":"https:\/\/mundocomun.org\/en\/wp-json\/wp\/v2\/users\/247396401"}],"replies":[{"embeddable":true,"href":"https:\/\/mundocomun.org\/en\/wp-json\/wp\/v2\/comments?post=568"}],"version-history":[{"count":99,"href":"https:\/\/mundocomun.org\/en\/wp-json\/wp\/v2\/pages\/568\/revisions"}],"predecessor-version":[{"id":1357,"href":"https:\/\/mundocomun.org\/en\/wp-json\/wp\/v2\/pages\/568\/revisions\/1357"}],"wp:featuredmedia":[{"embeddable":true,"href":"https:\/\/mundocomun.org\/en\/wp-json\/wp\/v2\/media\/637"}],"wp:attachment":[{"href":"https:\/\/mundocomun.org\/en\/wp-json\/wp\/v2\/media?parent=568"}],"curies":[{"name":"wp","href":"https:\/\/api.w.org\/{rel}","templated":true}]}}