{"id":163,"date":"2024-04-10T20:17:04","date_gmt":"2024-04-11T01:17:04","guid":{"rendered":"https:\/\/mundocomun.org\/?page_id=163"},"modified":"2025-08-15T16:45:56","modified_gmt":"2025-08-15T21:45:56","slug":"experiencias","status":"publish","type":"page","link":"https:\/\/mundocomun.org\/en\/experiencias\/","title":{"rendered":"Experiences"},"content":{"rendered":"\n<div class=\"wp-block-group alignfull has-accent-background-color has-background has-global-padding is-layout-constrained wp-container-core-group-is-layout-73128380 wp-block-group-is-layout-constrained\" style=\"margin-top:0;margin-bottom:0;padding-top:var(--wp--preset--spacing--50);padding-right:var(--wp--preset--spacing--50);padding-bottom:var(--wp--preset--spacing--50);padding-left:var(--wp--preset--spacing--50)\">\n<div class=\"wp-block-columns alignwide is-layout-flex wp-container-core-columns-is-layout-a0d91a25 wp-block-columns-is-layout-flex\">\n<div class=\"wp-block-column is-vertically-aligned-stretch is-layout-flow wp-block-column-is-layout-flow\" style=\"flex-basis:50%\">\n<div class=\"wp-block-group is-vertical is-content-justification-stretch is-layout-flex wp-container-core-group-is-layout-c042bc37 wp-block-group-is-layout-flex\" style=\"min-height:100%\">\n<h2 class=\"wp-block-heading\">Experiencias<\/h2>\n\n\n\n<div style=\"height:0px\" aria-hidden=\"true\" class=\"wp-block-spacer wp-container-content-6388d5dc\"><\/div>\n\n\n\n<p class=\"has-heading-font-family has-large-font-size wp-block-paragraph\" style=\"line-height:1.2\">&#8220;<em>Tocar nos confronta con el hecho de nuestra mortalidad, nuestra necesidad mutua, y, [&#8230;] al hecho de que nos deconstruimos unos a otros<\/em>.&#8221;<\/p>\n\n\n\n<div class=\"wp-block-group is-nowrap is-layout-flex wp-container-core-group-is-layout-b31d34dc wp-block-group-is-layout-flex\" style=\"padding-right:0\">\n<p class=\"has-heading-font-family has-medium-font-size wp-block-paragraph\" style=\"margin-right:0;padding-top:0;padding-right:0;padding-bottom:0;padding-left:0;line-height:1.2\">Maria Puig de la Bellacasa. <em>Matters of Care. <\/em><br><em>Speculative Ethics in More Than Human Worlds<\/em>.<\/p>\n<\/div>\n<\/div>\n<\/div>\n\n\n\n<div class=\"wp-block-column is-vertically-aligned-center is-layout-flow wp-block-column-is-layout-flow\" style=\"flex-basis:50%\">\n<figure class=\"wp-block-image size-full is-style-default wp-duotone-unset-1\"><img data-recalc-dims=\"1\" fetchpriority=\"high\" decoding=\"async\" width=\"1290\" height=\"1290\" data-attachment-id=\"278\" data-permalink=\"https:\/\/mundocomun.org\/en\/experiencias\/tejido-experiencias\/\" data-orig-file=\"https:\/\/i0.wp.com\/mundocomun.org\/wp-content\/uploads\/2024\/04\/Tejido-experiencias.png?fit=1290%2C1290&amp;ssl=1\" data-orig-size=\"1290,1290\" data-comments-opened=\"1\" data-image-meta=\"{&quot;aperture&quot;:&quot;0&quot;,&quot;credit&quot;:&quot;&quot;,&quot;camera&quot;:&quot;&quot;,&quot;caption&quot;:&quot;&quot;,&quot;created_timestamp&quot;:&quot;0&quot;,&quot;copyright&quot;:&quot;&quot;,&quot;focal_length&quot;:&quot;0&quot;,&quot;iso&quot;:&quot;0&quot;,&quot;shutter_speed&quot;:&quot;0&quot;,&quot;title&quot;:&quot;&quot;,&quot;orientation&quot;:&quot;0&quot;}\" data-image-title=\"Tejido-experiencias\" data-image-description=\"\" data-image-caption=\"\" data-large-file=\"https:\/\/i0.wp.com\/mundocomun.org\/wp-content\/uploads\/2024\/04\/Tejido-experiencias.png?fit=1024%2C1024&amp;ssl=1\" src=\"https:\/\/i0.wp.com\/mundocomun.org\/wp-content\/uploads\/2024\/04\/Tejido-experiencias.png?resize=1290%2C1290&#038;ssl=1\" alt=\"\" class=\"wp-image-278\" srcset=\"https:\/\/i0.wp.com\/mundocomun.org\/wp-content\/uploads\/2024\/04\/Tejido-experiencias.png?w=1290&amp;ssl=1 1290w, https:\/\/i0.wp.com\/mundocomun.org\/wp-content\/uploads\/2024\/04\/Tejido-experiencias.png?resize=300%2C300&amp;ssl=1 300w, https:\/\/i0.wp.com\/mundocomun.org\/wp-content\/uploads\/2024\/04\/Tejido-experiencias.png?resize=1024%2C1024&amp;ssl=1 1024w, https:\/\/i0.wp.com\/mundocomun.org\/wp-content\/uploads\/2024\/04\/Tejido-experiencias.png?resize=150%2C150&amp;ssl=1 150w, https:\/\/i0.wp.com\/mundocomun.org\/wp-content\/uploads\/2024\/04\/Tejido-experiencias.png?resize=768%2C768&amp;ssl=1 768w, https:\/\/i0.wp.com\/mundocomun.org\/wp-content\/uploads\/2024\/04\/Tejido-experiencias.png?resize=1200%2C1200&amp;ssl=1 1200w, https:\/\/i0.wp.com\/mundocomun.org\/wp-content\/uploads\/2024\/04\/Tejido-experiencias.png?resize=800%2C800&amp;ssl=1 800w, https:\/\/i0.wp.com\/mundocomun.org\/wp-content\/uploads\/2024\/04\/Tejido-experiencias.png?resize=600%2C600&amp;ssl=1 600w, https:\/\/i0.wp.com\/mundocomun.org\/wp-content\/uploads\/2024\/04\/Tejido-experiencias.png?resize=400%2C400&amp;ssl=1 400w, https:\/\/i0.wp.com\/mundocomun.org\/wp-content\/uploads\/2024\/04\/Tejido-experiencias.png?resize=200%2C200&amp;ssl=1 200w\" sizes=\"(max-width: 1000px) 100vw, 1000px\" \/><\/figure>\n<\/div>\n<\/div>\n<\/div>\n\n\n\n<div class=\"wp-block-group alignfull has-base-background-color has-background has-global-padding is-layout-constrained wp-container-core-group-is-layout-36f65c2d wp-block-group-is-layout-constrained\" style=\"margin-top:0;margin-bottom:0;padding-top:var(--wp--preset--spacing--50);padding-right:var(--wp--preset--spacing--50);padding-bottom:var(--wp--preset--spacing--50);padding-left:var(--wp--preset--spacing--50)\">\n<div class=\"wp-block-columns alignwide is-layout-flex wp-container-core-columns-is-layout-ef10d34a wp-block-columns-is-layout-flex\">\n<div class=\"wp-block-column has-global-padding is-content-justification-left is-layout-constrained wp-container-core-column-is-layout-fbd00b99 wp-block-column-is-layout-constrained\" style=\"flex-basis:40%\">\n<p class=\"wp-block-paragraph\">Restaurar lo humano<\/p>\n<\/div>\n\n\n\n<div class=\"wp-block-column is-layout-flow wp-container-core-column-is-layout-0c22cdd7 wp-block-column-is-layout-flow\" style=\"flex-basis:60%\">\n<p class=\"has-heading-font-family has-x-large-font-size wp-block-paragraph\" style=\"line-height:1.2\">La memoria del cambio est\u00e1 en el cuerpo. La (re)generaci\u00f3n es plural y mutua. Volvernos a habituar a tejer relaciones basadas en el cuidado y gestadas desde el afecto pasa por la experiencia vivida.<\/p>\n\n\n\n<div class=\"wp-block-columns is-layout-flex wp-container-core-columns-is-layout-3afcaa04 wp-block-columns-is-layout-flex\">\n<div class=\"wp-block-column is-layout-flow wp-block-column-is-layout-flow\">\n<p class=\"wp-block-paragraph\">Sostenemos espacios restaurativos y regenerativos de co-laboratorio para entrar en relaci\u00f3n \u00edntima con el resto del mundo vivo y sus m\u00faltiples inteligencias. Visitamos territorios biodiversos en grupos peque\u00f1os de agentes de cambio, abriendo fisuras en la cotidianidad que a menudo eclipsa la posibilidad de transformaci\u00f3n. Confiamos en el potencial restaurador del di\u00e1logo interespecie como activador del poder creativo de nuestros cuerpos, apelando a la multisensorialidad que trasciende los l\u00edmites del pensamiento racional.<\/p>\n<\/div>\n\n\n\n<div class=\"wp-block-column is-layout-flow wp-block-column-is-layout-flow\">\n<p class=\"wp-block-paragraph\">El dise\u00f1o de estos espacios colaborativos, siempre mutantes y en flujo, posibilita el ejercicio compartido de la escucha profunda, y la experimentaci\u00f3n de pr\u00e1cticas que revelan la ineludible mutualidad de los v\u00ednculos que se tejen entre nuestro cuerpo y el resto del planeta. Se trata de una apuesta por concebir, narrar y vivir nuevas posibles realidades, y de ejercitar nuestra capacidad de sanaci\u00f3n y creaci\u00f3n colectiva en un mundo inexorablemente compartido.<\/p>\n<\/div>\n<\/div>\n<\/div>\n<\/div>\n<\/div>\n\n\n\n<div class=\"wp-block-group alignfull has-accent-5-background-color has-background has-global-padding is-layout-constrained wp-container-core-group-is-layout-36f65c2d wp-block-group-is-layout-constrained\" style=\"margin-top:0;margin-bottom:0;padding-top:var(--wp--preset--spacing--50);padding-right:var(--wp--preset--spacing--50);padding-bottom:var(--wp--preset--spacing--50);padding-left:var(--wp--preset--spacing--50)\">\n<div class=\"wp-block-columns alignwide is-layout-flex wp-container-core-columns-is-layout-a0d91a25 wp-block-columns-is-layout-flex\">\n<div class=\"wp-block-column is-vertically-aligned-center is-layout-flow wp-block-column-is-layout-flow\" style=\"flex-basis:60%\">\n<figure class=\"wp-block-image size-full is-style-default wp-duotone-unset-2\"><img data-recalc-dims=\"1\" decoding=\"async\" width=\"1863\" height=\"1304\" data-attachment-id=\"341\" data-permalink=\"https:\/\/mundocomun.org\/en\/experiencias\/refugia\/\" data-orig-file=\"https:\/\/i0.wp.com\/mundocomun.org\/wp-content\/uploads\/2024\/04\/Refugia.png?fit=1863%2C1304&amp;ssl=1\" data-orig-size=\"1863,1304\" data-comments-opened=\"1\" data-image-meta=\"{&quot;aperture&quot;:&quot;0&quot;,&quot;credit&quot;:&quot;&quot;,&quot;camera&quot;:&quot;&quot;,&quot;caption&quot;:&quot;&quot;,&quot;created_timestamp&quot;:&quot;0&quot;,&quot;copyright&quot;:&quot;&quot;,&quot;focal_length&quot;:&quot;0&quot;,&quot;iso&quot;:&quot;0&quot;,&quot;shutter_speed&quot;:&quot;0&quot;,&quot;title&quot;:&quot;&quot;,&quot;orientation&quot;:&quot;0&quot;}\" data-image-title=\"Refugia\" data-image-description=\"\" data-image-caption=\"\" data-large-file=\"https:\/\/i0.wp.com\/mundocomun.org\/wp-content\/uploads\/2024\/04\/Refugia.png?fit=1024%2C717&amp;ssl=1\" src=\"https:\/\/i0.wp.com\/mundocomun.org\/wp-content\/uploads\/2024\/04\/Refugia.png?resize=1863%2C1304&#038;ssl=1\" alt=\"\" class=\"wp-image-341\" style=\"aspect-ratio:4\/3;object-fit:cover\" srcset=\"https:\/\/i0.wp.com\/mundocomun.org\/wp-content\/uploads\/2024\/04\/Refugia.png?w=1863&amp;ssl=1 1863w, https:\/\/i0.wp.com\/mundocomun.org\/wp-content\/uploads\/2024\/04\/Refugia.png?resize=300%2C210&amp;ssl=1 300w, https:\/\/i0.wp.com\/mundocomun.org\/wp-content\/uploads\/2024\/04\/Refugia.png?resize=1024%2C717&amp;ssl=1 1024w, https:\/\/i0.wp.com\/mundocomun.org\/wp-content\/uploads\/2024\/04\/Refugia.png?resize=768%2C538&amp;ssl=1 768w, https:\/\/i0.wp.com\/mundocomun.org\/wp-content\/uploads\/2024\/04\/Refugia.png?resize=1536%2C1075&amp;ssl=1 1536w, https:\/\/i0.wp.com\/mundocomun.org\/wp-content\/uploads\/2024\/04\/Refugia.png?resize=18%2C12&amp;ssl=1 18w, https:\/\/i0.wp.com\/mundocomun.org\/wp-content\/uploads\/2024\/04\/Refugia.png?resize=1200%2C840&amp;ssl=1 1200w\" sizes=\"(max-width: 1000px) 100vw, 1000px\" \/><\/figure>\n<\/div>\n\n\n\n<div class=\"wp-block-column is-layout-flow wp-block-column-is-layout-flow\" style=\"flex-basis:40%\">\n<h2 class=\"wp-block-heading\">Refugia<\/h2>\n\n\n\n<p class=\"wp-block-paragraph\">La naturaleza ha creado peque\u00f1os bolsillos interconectados de semillas llamados <em>Refugia,<\/em> como estrategia para la regeneraci\u00f3n tras grandes cat\u00e1strofes. Inspiradas en este dise\u00f1o milenario, buscamos crear refugios en el tiempo y el espacio para quienes act\u00faan como semillas de la regeneraci\u00f3n de nuestro mundo en crisis, y que a menudo se enfrentan al agotamiento existencial.<\/p>\n\n\n\n<p class=\"wp-block-paragraph\">Durante cinco d\u00edas pausamos el tiempo ordinario para poner en pr\u00e1ctica el descanso y la restauraci\u00f3n del sistema nervioso y del sentido de agencia, amenazados por el presente vertiginoso y abrumador. En di\u00e1logo \u00edntimo con lo m\u00e1s-que-humano, y con un esp\u00edritu volcado a la restauraci\u00f3n (propia y mutua), ponemos en com\u00fan m\u00e9todos para reconfigurar c\u00f3mo habitamos nuestros cuerpos y la vida cotidiana, recomponiendo los v\u00ednculos de reciprocidad y relevo que son posibles entre diversas anatom\u00edas y entornos vivos.<\/p>\n<\/div>\n<\/div>\n<\/div>\n\n\n\n<div class=\"wp-block-group alignfull has-base-2-background-color has-background has-global-padding is-layout-constrained wp-container-core-group-is-layout-36f65c2d wp-block-group-is-layout-constrained\" style=\"margin-top:0;margin-bottom:0;padding-top:var(--wp--preset--spacing--50);padding-right:var(--wp--preset--spacing--50);padding-bottom:var(--wp--preset--spacing--50);padding-left:var(--wp--preset--spacing--50)\">\n<div class=\"wp-block-columns alignwide is-layout-flex wp-container-core-columns-is-layout-a0d91a25 wp-block-columns-is-layout-flex\">\n<div class=\"wp-block-column is-layout-flow wp-block-column-is-layout-flow\" style=\"flex-basis:40%\">\n<h2 class=\"wp-block-heading\">Activaciones Interespecie<\/h2>\n\n\n\n<p class=\"wp-block-paragraph\">Para revertir las l\u00f3gicas de productividad, competencia y consumo que imperan en los sistemas contempor\u00e1neos, buscamos activar la sabidur\u00eda colectiva en una apuesta por revelar la capacidad adaptativa, mutante y simbi\u00f3tica del mundo vivo del que hacemos parte.<\/p>\n\n\n\n<p class=\"wp-block-paragraph\">En espacios dirigidos a comunidades de pr\u00e1ctica dedicadas a las m\u00faltiples dimensiones de la respuesta a la policrisis, las Activaciones Interespecie son espacios de imaginaci\u00f3n y creaci\u00f3n colectiva, para poner en pr\u00e1ctica formas de (re)generaci\u00f3n, desde la conciencia de interdependencia entre el mundo humano y m\u00e1s-que-humano. Buscamos abrir la posibilidad de polinizaci\u00f3n cruzada de saberes y pr\u00e1cticas con el prop\u00f3sito de habitar juntxs las preguntas m\u00e1s apremiantes de la transici\u00f3n planetaria, y de divisar los m\u00faltiples caminos de un <em>por-venir <\/em>abierto, amoroso y plural.<\/p>\n\n\n\n<p class=\"wp-block-paragraph\"><em>Programas en curso -&gt; <\/em><\/p>\n\n\n\n<div class=\"wp-block-buttons is-layout-flex wp-block-buttons-is-layout-flex\">\n<div class=\"wp-block-button\"><a class=\"wp-block-button__link wp-element-button\" href=\"https:\/\/mundocomun.org\/cuerpoenjambre\/\">Cuerpo Enjambre<\/a><\/div>\n\n\n\n<div class=\"wp-block-button\"><a class=\"wp-block-button__link wp-element-button\" href=\"https:\/\/mundocomun.org\/experiencias\/pluriverso\/\">Tejiendo el Pluriverso<\/a><\/div>\n\n\n\n<div class=\"wp-block-button\"><a class=\"wp-block-button__link wp-element-button\" href=\"https:\/\/mundocomun.org\/experiencias\/cuerpos-de-agua\/\">Cuerpos de Agua<\/a><\/div>\n<\/div>\n<\/div>\n\n\n\n<div class=\"wp-block-column is-vertically-aligned-center is-layout-flow wp-block-column-is-layout-flow\" style=\"flex-basis:60%\">\n<figure class=\"wp-block-image size-full is-style-default wp-duotone-unset-3\"><img data-recalc-dims=\"1\" decoding=\"async\" width=\"1863\" height=\"1304\" data-attachment-id=\"320\" data-permalink=\"https:\/\/mundocomun.org\/en\/experiencias\/activaciones-sm\/\" data-orig-file=\"https:\/\/i0.wp.com\/mundocomun.org\/wp-content\/uploads\/2024\/04\/Activaciones-SM.png?fit=1863%2C1304&amp;ssl=1\" data-orig-size=\"1863,1304\" data-comments-opened=\"1\" data-image-meta=\"{&quot;aperture&quot;:&quot;0&quot;,&quot;credit&quot;:&quot;&quot;,&quot;camera&quot;:&quot;&quot;,&quot;caption&quot;:&quot;&quot;,&quot;created_timestamp&quot;:&quot;0&quot;,&quot;copyright&quot;:&quot;&quot;,&quot;focal_length&quot;:&quot;0&quot;,&quot;iso&quot;:&quot;0&quot;,&quot;shutter_speed&quot;:&quot;0&quot;,&quot;title&quot;:&quot;&quot;,&quot;orientation&quot;:&quot;0&quot;}\" data-image-title=\"Activaciones-SM\" data-image-description=\"\" data-image-caption=\"\" data-large-file=\"https:\/\/i0.wp.com\/mundocomun.org\/wp-content\/uploads\/2024\/04\/Activaciones-SM.png?fit=1024%2C717&amp;ssl=1\" src=\"https:\/\/i0.wp.com\/mundocomun.org\/wp-content\/uploads\/2024\/04\/Activaciones-SM.png?resize=1863%2C1304&#038;ssl=1\" alt=\"\" class=\"wp-image-320\" style=\"aspect-ratio:4\/3;object-fit:cover\" srcset=\"https:\/\/i0.wp.com\/mundocomun.org\/wp-content\/uploads\/2024\/04\/Activaciones-SM.png?w=1863&amp;ssl=1 1863w, https:\/\/i0.wp.com\/mundocomun.org\/wp-content\/uploads\/2024\/04\/Activaciones-SM.png?resize=300%2C210&amp;ssl=1 300w, https:\/\/i0.wp.com\/mundocomun.org\/wp-content\/uploads\/2024\/04\/Activaciones-SM.png?resize=1024%2C717&amp;ssl=1 1024w, https:\/\/i0.wp.com\/mundocomun.org\/wp-content\/uploads\/2024\/04\/Activaciones-SM.png?resize=768%2C538&amp;ssl=1 768w, https:\/\/i0.wp.com\/mundocomun.org\/wp-content\/uploads\/2024\/04\/Activaciones-SM.png?resize=1536%2C1075&amp;ssl=1 1536w, https:\/\/i0.wp.com\/mundocomun.org\/wp-content\/uploads\/2024\/04\/Activaciones-SM.png?resize=1200%2C840&amp;ssl=1 1200w\" sizes=\"(max-width: 1000px) 100vw, 1000px\" \/><\/figure>\n<\/div>\n<\/div>\n<\/div>\n\n\n\n<div class=\"wp-block-group alignfull has-global-padding is-layout-constrained wp-container-core-group-is-layout-73128380 wp-block-group-is-layout-constrained\" style=\"margin-top:0;margin-bottom:0;padding-top:var(--wp--preset--spacing--50);padding-right:var(--wp--preset--spacing--50);padding-bottom:var(--wp--preset--spacing--50);padding-left:var(--wp--preset--spacing--50)\">\n<div class=\"wp-block-group is-vertical is-content-justification-center is-layout-flex wp-container-core-group-is-layout-bc18b00a wp-block-group-is-layout-flex\">\n<h2 class=\"wp-block-heading has-text-align-center has-xx-large-font-size\">Nutriendo los v\u00ednculos de la com(un)idad<\/h2>\n\n\n\n<p class=\"has-text-align-center wp-block-paragraph\">A trav\u00e9s de la experiencia vivida, buscamos compartir y expandir una \u00e9tica de relacionalidad como base del dise\u00f1o de las iniciativas que buscan transitar la crisis, y cultivar la capacidad para tomar decisiones ecoc\u00e9ntricas, aportando a reconstruir sistemas que afirmen la vida.<\/p>\n<\/div>\n<\/div>\n","protected":false},"excerpt":{"rendered":"<p>Experiencias &#8220;Tocar nos confronta con el hecho de nuestra mortalidad, nuestra necesidad mutua, y, [&#8230;] al hecho de que nos deconstruimos unos a otros.&#8221; Maria Puig de la Bellacasa. Matters of Care. Speculative Ethics in More Than Human Worlds. Restaurar lo humano La memoria del cambio est\u00e1 en el cuerpo. La (re)generaci\u00f3n es plural y [&hellip;]<\/p>\n","protected":false},"author":247396400,"featured_media":0,"parent":0,"menu_order":0,"comment_status":"closed","ping_status":"closed","template":"","meta":{"_crdt_document":"","advanced_seo_description":"","jetpack_seo_html_title":"","jetpack_seo_noindex":false,"footnotes":""},"class_list":["post-163","page","type-page","status-publish","hentry"],"jetpack_likes_enabled":true,"jetpack_sharing_enabled":true,"jetpack_shortlink":"https:\/\/wp.me\/Pfzmdr-2D","jetpack-related-posts":[],"_links":{"self":[{"href":"https:\/\/mundocomun.org\/en\/wp-json\/wp\/v2\/pages\/163","targetHints":{"allow":["GET"]}}],"collection":[{"href":"https:\/\/mundocomun.org\/en\/wp-json\/wp\/v2\/pages"}],"about":[{"href":"https:\/\/mundocomun.org\/en\/wp-json\/wp\/v2\/types\/page"}],"author":[{"embeddable":true,"href":"https:\/\/mundocomun.org\/en\/wp-json\/wp\/v2\/users\/247396400"}],"replies":[{"embeddable":true,"href":"https:\/\/mundocomun.org\/en\/wp-json\/wp\/v2\/comments?post=163"}],"version-history":[{"count":45,"href":"https:\/\/mundocomun.org\/en\/wp-json\/wp\/v2\/pages\/163\/revisions"}],"predecessor-version":[{"id":1593,"href":"https:\/\/mundocomun.org\/en\/wp-json\/wp\/v2\/pages\/163\/revisions\/1593"}],"wp:attachment":[{"href":"https:\/\/mundocomun.org\/en\/wp-json\/wp\/v2\/media?parent=163"}],"curies":[{"name":"wp","href":"https:\/\/api.w.org\/{rel}","templated":true}]}}