{"id":1016,"date":"2024-10-03T15:55:01","date_gmt":"2024-10-03T20:55:01","guid":{"rendered":"https:\/\/mundocomun.org\/?page_id=1016"},"modified":"2024-10-03T20:49:43","modified_gmt":"2024-10-04T01:49:43","slug":"preguntasfrecuentescuerpoenjambre","status":"publish","type":"page","link":"https:\/\/mundocomun.org\/en\/preguntasfrecuentescuerpoenjambre\/","title":{"rendered":"Preguntas frecuentes"},"content":{"rendered":"<div class=\"wp-block-group alignfull has-base-color has-base-2-background-color has-text-color has-background has-link-color wp-elements-51e97b772e1bfd193bb666abde9bd021 has-global-padding is-layout-constrained wp-container-core-group-is-layout-36f65c2d wp-block-group-is-layout-constrained\" style=\"margin-top:0;margin-bottom:0;padding-top:var(--wp--preset--spacing--50);padding-right:var(--wp--preset--spacing--50);padding-bottom:var(--wp--preset--spacing--50);padding-left:var(--wp--preset--spacing--50)\">\n<h2 class=\"wp-block-heading alignwide has-base-color has-text-color has-link-color has-gotham-rounded-ssm-font-family wp-elements-096adaf1d3b753ac03b7cf4d498512b2\" style=\"font-size:clamp(0.984rem, 0.984rem + ((1vw - 0.2rem) * 0.86), 1.5rem);letter-spacing:6px\">CUERPO ENJAMBRE &#8211; PREGUNTAS FRECUENTES<\/h2>\n\n\n\n<div class=\"wp-block-group alignwide is-layout-flow wp-block-group-is-layout-flow\">\n<hr class=\"wp-block-separator has-text-color has-base-color has-alpha-channel-opacity has-base-background-color has-background is-style-wide\" style=\"margin-top:var(--wp--preset--spacing--30);margin-bottom:var(--wp--preset--spacing--30)\"\/>\n\n\n\n<h3 class=\"wp-block-heading alignwide has-base-2-color has-text-color has-link-color wp-elements-884e07a20b7d7965412afd10f5eb2c73\" style=\"font-size:clamp(14px, 0.875rem + ((1vw - 3.2px) * 0.625), 20px);font-style:normal;font-weight:300\">\u00bfPodemos difundir la convocatoria con otras personas?<\/h3>\n\n\n\n<p class=\"has-contrast-1-color has-text-color has-link-color has-gotham-rounded-ssm-font-family wp-elements-dc216f7d19934d2f04a4cf6c5aa93f9b wp-block-paragraph\" style=\"font-size:clamp(14px, 0.875rem + ((1vw - 3.2px) * 0.208), 16px);font-style:normal;font-weight:300\">S\u00ed. Es una convocatoria abierta, todas las personas interesadas en la escucha profunda de lo vivo y que quieran enjambrar con otrxs est\u00e1n invitadas a postularse.<\/p>\n\n\n\n<hr class=\"wp-block-separator has-text-color has-base-color has-alpha-channel-opacity has-base-background-color has-background is-style-wide\" style=\"margin-top:var(--wp--preset--spacing--30);margin-bottom:var(--wp--preset--spacing--30)\"\/>\n\n\n\n<h3 class=\"wp-block-heading alignwide has-base-2-color has-text-color has-link-color wp-elements-3d89a11d8f51aabcd3cae0c582aff49a\" style=\"font-size:clamp(14px, 0.875rem + ((1vw - 3.2px) * 0.625), 20px);font-style:normal;font-weight:300\">\u00bfPuedo presentarme como colectivo, o solo como persona individual?<\/h3>\n\n\n\n<p class=\"has-contrast-1-color has-text-color has-link-color has-gotham-rounded-ssm-font-family wp-elements-4520181bdb316b9808e48d0ede9fea7e wp-block-paragraph\" style=\"font-size:clamp(14px, 0.875rem + ((1vw - 3.2px) * 0.208), 16px);font-style:normal;font-weight:300\">No se pueden hacer postulaciones a nombre de colectivos, cada postulaci\u00f3n es individual. Teniendo en cuenta que el n\u00famero de participantes que podemos seleccionar es de m\u00e1ximo 20 personas y queremos que sea lo m\u00e1s diverso posible, vamos a priorizar la selecci\u00f3n de creadorxs o investigadorxs de colectivos diferentes. Esto no quiere decir que m\u00e1s de una persona de un colectivo no se pueda postular; recibiremos y evaluaremos todas las candidaturas que recibamos. Lxs participantes podr\u00e1n invitar a sus colectivos a hacer parte del proceso de creaci\u00f3n de la segunda fase: <em>Seguir con el problema<\/em>.<\/p>\n\n\n\n<hr class=\"wp-block-separator has-text-color has-base-color has-alpha-channel-opacity has-base-background-color has-background is-style-wide\" style=\"margin-top:var(--wp--preset--spacing--30);margin-bottom:var(--wp--preset--spacing--30)\"\/>\n\n\n\n<h3 class=\"wp-block-heading alignwide has-base-2-color has-text-color has-link-color wp-elements-7e00f34689364efbc1242efc969c47fd\" style=\"font-size:clamp(14px, 0.875rem + ((1vw - 3.2px) * 0.625), 20px);font-style:normal;font-weight:300\">\u00bfMundo Com\u00fan ya ha realizado encuentros centrados en la co-creaci\u00f3n? \u00bfCu\u00e1les fueron los resultados?<\/h3>\n\n\n\n<p class=\"has-contrast-1-color has-text-color has-link-color has-gotham-rounded-ssm-font-family wp-elements-617918596ea1b602218008efee45327b wp-block-paragraph\" style=\"font-size:clamp(14px, 0.875rem + ((1vw - 3.2px) * 0.208), 16px);font-style:normal;font-weight:300\">Ya hemos realizado encuentros colaborativos donde surgieron creaciones colectivas in-situ, principalmente centradas en formas de di\u00e1logo, de escucha, y en el cuidado de las relaciones del cuerpo y el territorio, con el objetivo central de explorar y experimentar distintas formas de estar en contacto con lo vivo. Esto, con el fin de practicar y reflexionar juntxs acerca de la agencia creativa y la acci\u00f3n colectiva frente a los desaf\u00edos actuales. Gracias a la polinizaci\u00f3n cruzada entre lxs participantes, han germinado nuevos proyectos y colaboraciones posteriores. Esta es la primera vez que convocamos un espacio centrado en la exploraci\u00f3n de tecnolog\u00edas de escucha y la co-creaci\u00f3n de dispositivos de conexi\u00f3n con lo vivo para la difusi\u00f3n de narrativas de cuidado.<\/p>\n\n\n\n<hr class=\"wp-block-separator has-text-color has-base-color has-alpha-channel-opacity has-base-background-color has-background is-style-wide\" style=\"margin-top:var(--wp--preset--spacing--30);margin-bottom:var(--wp--preset--spacing--30)\"\/>\n\n\n\n<h3 class=\"wp-block-heading alignwide has-base-2-color has-text-color has-link-color wp-elements-7a919e94225aa4596d919dc581d62025\" style=\"font-size:clamp(14px, 0.875rem + ((1vw - 3.2px) * 0.625), 20px);\">\u00bfQu\u00e9 medios o plataformas tienen en mente para que se haga la difusi\u00f3n de los resultados del programa?<\/h3>\n\n\n\n<p class=\"has-contrast-1-color has-text-color has-link-color has-gotham-rounded-ssm-font-family wp-elements-3c114c30aec81fe0f5daf9f1948335fc wp-block-paragraph\" style=\"font-size:clamp(14px, 0.875rem + ((1vw - 3.2px) * 0.208), 16px);font-style:normal;font-weight:300\">Los enjambres que participen en la segunda fase de creaci\u00f3n tendr\u00e1n la libertad de definir cu\u00e1l es la mejor forma de elaborar y difundir su propuesta. Esta decisi\u00f3n queda a discreci\u00f3n de los enjambres porque creemos que la forma de contar historias es tan importante como la historia misma, y queremos dar amplitud a la creatividad en los medios. La propuesta es conjurar lenguajes divergentes para narrar historias sobre lo que est\u00e1 pasando en el planeta, y las posibilidades de agenciar cambios en las relaciones de los humanos con la Tierra (a trav\u00e9s de dispositivos de escucha de lo vivo). Cada grupo se puede apropiar de este prop\u00f3sito a su manera, de acuerdo a los medios y formas de colaboraci\u00f3n que logre idear. El fondo de creaci\u00f3n est\u00e1 dispuesto para ser usado como cada enjambre considere id\u00f3neo durante el proceso de creaci\u00f3n y hasta la difusi\u00f3n de las creaciones. El formato de difusi\u00f3n que adopte cada una de las creaciones depender\u00e1 de su naturaleza y prop\u00f3sito espec\u00edfico y debe responder al objetivo de hacer resonar narrativas de cuidado.<\/p>\n\n\n\n<hr class=\"wp-block-separator has-text-color has-base-color has-alpha-channel-opacity has-base-background-color has-background is-style-wide\" style=\"margin-top:var(--wp--preset--spacing--30);margin-bottom:var(--wp--preset--spacing--30)\"\/>\n\n\n\n<h3 class=\"wp-block-heading alignwide has-base-2-color has-text-color has-link-color wp-elements-84ebc866c66c8abb2b81c5693cbaaf31\" style=\"font-size:clamp(14px, 0.875rem + ((1vw - 3.2px) * 0.625), 20px);\">\u00bfQu\u00e9 d\u00edas y en qu\u00e9 horario ser\u00e1n los encuentros virtuales en noviembre? \u00bfC\u00f3mo est\u00e1n dise\u00f1ados estos espacios?<\/h3>\n\n\n\n<p class=\"has-contrast-1-color has-text-color has-link-color has-gotham-rounded-ssm-font-family wp-elements-12dce26b50e4167047be3f38e026acab wp-block-paragraph\" style=\"font-size:clamp(14px, 0.875rem + ((1vw - 3.2px) * 0.208), 16px);font-style:normal;font-weight:300\">La hora y la fecha exacta est\u00e1 a\u00fan por definir. Determinaremos las fechas y horas exactas pronto, teniendo en cuenta la disponibilidad de lxs conferencistas invitados, as\u00ed como las zonas horarias de la mayor\u00eda de lxs participantes de Cuerpo Enjambre. Los espacios virtuales ocurrir\u00e1n una vez por semana, y propiciar\u00e1n una conversaci\u00f3n horizontal en dos momentos: primero, una charla dictada por algunx de lxs conferencistas invitadxs y seguida por una conversaci\u00f3n con lxs participantes; segundo, <em>panales de di\u00e1logo<\/em> en donde lxs participantes del programa podr\u00e1n moderar, para as\u00ed aportar a la creaci\u00f3n del cuerpo de conocimiento colectivo.<\/p>\n\n\n\n<hr class=\"wp-block-separator has-text-color has-base-color has-alpha-channel-opacity has-base-background-color has-background is-style-wide\" style=\"margin-top:var(--wp--preset--spacing--30);margin-bottom:var(--wp--preset--spacing--30)\"\/>\n\n\n\n<h3 class=\"wp-block-heading alignwide has-base-2-color has-text-color has-link-color wp-elements-6b951b4a329586c860d5a05e5d8da504\" style=\"font-size:clamp(14px, 0.875rem + ((1vw - 3.2px) * 0.625), 20px);\">\u00bfCu\u00e1l es el rol que tendr\u00e1 el lugar que escogieron para la inmersi\u00f3n?<\/h3>\n\n\n\n<p class=\"has-contrast-1-color has-text-color has-link-color has-gotham-rounded-ssm-font-family wp-elements-363dc4fbe241fd7fcf6654f64ea4228e wp-block-paragraph\" style=\"font-size:clamp(14px, 0.875rem + ((1vw - 3.2px) * 0.208), 16px);font-style:normal;font-weight:300\">Escogimos el Amazonas de forma muy intencional. Este ecosistema es clave en nuestra escucha de lo vivo y de la complejidad que atravesamos, no s\u00f3lo por su rol regulador del metabolismo planetario, sino tambi\u00e9n por la cualidad adaptativa y formas de resiliencia en la relaci\u00f3n entre el mundo humano y el resto de lo vivo en ese territorio &#8211; incluidas tanto las presiones como las sinergias -, y lo que tiene por ense\u00f1arnos ese movimiento milenario.<\/p>\n\n\n\n<hr class=\"wp-block-separator has-text-color has-base-color has-alpha-channel-opacity has-base-background-color has-background is-style-wide\" style=\"margin-top:var(--wp--preset--spacing--30);margin-bottom:var(--wp--preset--spacing--30)\"\/>\n\n\n\n<h3 class=\"wp-block-heading alignwide has-base-2-color has-text-color has-link-color wp-elements-72a5df27a2eb5772a3b6bff1d0a6a18e\" style=\"font-size:clamp(14px, 0.875rem + ((1vw - 3.2px) * 0.625), 20px);\">\u00bfQui\u00e9nes pueden acceder al fondo de creaci\u00f3n?<\/h3>\n\n\n\n<p class=\"has-contrast-1-color has-text-color has-link-color has-gotham-rounded-ssm-font-family wp-elements-46f1d237e5e7d6ea4054b24112f3199e wp-block-paragraph\" style=\"font-size:clamp(14px, 0.875rem + ((1vw - 3.2px) * 0.208), 16px);font-style:normal;font-weight:300\">Lxs participantes de Cuerpo Enjambre que hayan asistido al 80% de las charlas virtuales y hayan participado activamente en al menos uno de los <em>panales<\/em>, podr\u00e1n acceder al fondo de creaci\u00f3n.&nbsp;<\/p>\n\n\n\n<p class=\"has-contrast-1-color has-text-color has-link-color has-gotham-rounded-ssm-font-family wp-elements-ac1750bb2a753f5d484ab3db17c7fbed wp-block-paragraph\" style=\"font-size:clamp(14px, 0.875rem + ((1vw - 3.2px) * 0.208), 16px);font-style:normal;font-weight:300\">En esta segunda fase, los enjambres pueden invitar a personas de sus colectivos o grupos de trabajo aunque no hayan participado en el programa, si consideran que son colaboradores esenciales para la creaci\u00f3n de la propuesta.<\/p>\n\n\n\n<hr class=\"wp-block-separator has-text-color has-base-color has-alpha-channel-opacity has-base-background-color has-background is-style-wide\" style=\"margin-top:var(--wp--preset--spacing--30);margin-bottom:var(--wp--preset--spacing--30)\"\/>\n\n\n\n<h3 class=\"wp-block-heading alignwide has-base-2-color has-text-color has-link-color wp-elements-7481beb3b56b31ad7d9fdc6980a5ac66\" style=\"font-size:clamp(14px, 0.875rem + ((1vw - 3.2px) * 0.625), 20px);\">\u00bfSi no puedo estar en la inmersi\u00f3n en el Amazonas puedo asistir a las charlas virtuales?<\/h3>\n\n\n\n<p class=\"has-contrast-1-color has-text-color has-link-color has-gotham-rounded-ssm-font-family wp-elements-028af12e2cdd5eb85b9ae894bea2c55c wp-block-paragraph\" style=\"font-size:clamp(14px, 0.875rem + ((1vw - 3.2px) * 0.208), 16px);font-style:normal;font-weight:300\">El programa est\u00e1 dise\u00f1ado integralmente con la intenci\u00f3n de consolidar un grupo a lo largo del proceso que facilite la construcci\u00f3n de confianza y el tejido colectivo. En tal sentido, esperamos que lxs participantes se comprometan a asistir a todo el programa, incluyendo las charlas virtuales y la inmersi\u00f3n presencial.<\/p>\n\n\n\n<hr class=\"wp-block-separator has-text-color has-base-color has-alpha-channel-opacity has-base-background-color has-background is-style-wide\" style=\"margin-top:var(--wp--preset--spacing--30);margin-bottom:var(--wp--preset--spacing--30)\"\/>\n\n\n\n<h3 class=\"wp-block-heading alignwide has-base-2-color has-text-color has-link-color wp-elements-c0d0a2a6d90250eb50bee4c6f8a5336a\" style=\"font-size:clamp(14px, 0.875rem + ((1vw - 3.2px) * 0.625), 20px);\">\u00bfC\u00f3mo mide Mundo Com\u00fan el impacto de programas como este?<\/h3>\n\n\n\n<p class=\"has-contrast-1-color has-text-color has-link-color has-gotham-rounded-ssm-font-family wp-elements-45b233dad05886d2ea2231fbc2362d86 wp-block-paragraph\" style=\"font-size:clamp(14px, 0.875rem + ((1vw - 3.2px) * 0.208), 16px);font-style:normal;font-weight:300\">Estamos investigando mecanismos de medici\u00f3n cualitativa y cuantitativa de los cambios que se propician a partir de nuestro trabajo, tanto en individuos como en comunidades que desatan alteraciones en las formas de cuidar el planeta como entidad fractal de relaciones. Para cada perfil de agentes de cambio convocado seg\u00fan cada programa, determinamos formas de seguimiento que den cuenta de procesos de transformaci\u00f3n a nivel de uso del lenguaje en sus narrativas (pensamiento) y a nivel de cambios en la adopci\u00f3n de l\u00f3gicas y estrategias en sus propias iniciativas y vida diaria (comportamiento). Dise\u00f1amos nuestras estrategias pensando en cambios multiescalares, desde lo micro hasta lo macro eco-sist\u00e9mico, que dependen de la restauraci\u00f3n de v\u00ednculos entre actores clave y su propia relaci\u00f3n consigo mismos y sus procesos de acci\u00f3n. En este caso, mediremos cambios de percepci\u00f3n a partir de la experiencia y el potencial narrativo para la transformaci\u00f3n de percepciones en las personas que entren en contacto con las creaciones de los enjambres, en la segunda fase.<\/p>\n<\/div>\n<\/div>\n\n\n\n<hr class=\"wp-block-separator has-alpha-channel-opacity is-style-dots\"\/>\n\n\n\n<div class=\"wp-block-buttons alignwide is-content-justification-center is-layout-flex wp-container-core-buttons-is-layout-0aa01211 wp-block-buttons-is-layout-flex\">\n<div class=\"wp-block-button is-style-outline is-style-outline--1\"><a class=\"wp-block-button__link wp-element-button\" href=\"https:\/\/mundocomun.org\/en\/cuerpoenjambre\/\">Volver<\/a><\/div>\n<\/div>\n\n\n\n<p class=\"wp-block-paragraph\"><\/p>","protected":false},"excerpt":{"rendered":"<p>CUERPO ENJAMBRE &#8211; PREGUNTAS FRECUENTES \u00bfPodemos difundir la convocatoria con otras personas? S\u00ed. Es una convocatoria abierta, todas las personas interesadas en la escucha profunda de lo vivo y que quieran enjambrar con otrxs est\u00e1n invitadas a postularse. \u00bfPuedo presentarme como colectivo, o solo como persona individual? No se pueden hacer postulaciones a nombre de [&hellip;]<\/p>\n","protected":false},"author":247396401,"featured_media":0,"parent":0,"menu_order":0,"comment_status":"closed","ping_status":"closed","template":"","meta":{"_crdt_document":"","advanced_seo_description":"","jetpack_seo_html_title":"","jetpack_seo_noindex":false,"footnotes":""},"class_list":["post-1016","page","type-page","status-publish","hentry"],"jetpack_likes_enabled":true,"jetpack_sharing_enabled":true,"jetpack_shortlink":"https:\/\/wp.me\/Pfzmdr-go","jetpack-related-posts":[],"_links":{"self":[{"href":"https:\/\/mundocomun.org\/en\/wp-json\/wp\/v2\/pages\/1016","targetHints":{"allow":["GET"]}}],"collection":[{"href":"https:\/\/mundocomun.org\/en\/wp-json\/wp\/v2\/pages"}],"about":[{"href":"https:\/\/mundocomun.org\/en\/wp-json\/wp\/v2\/types\/page"}],"author":[{"embeddable":true,"href":"https:\/\/mundocomun.org\/en\/wp-json\/wp\/v2\/users\/247396401"}],"replies":[{"embeddable":true,"href":"https:\/\/mundocomun.org\/en\/wp-json\/wp\/v2\/comments?post=1016"}],"version-history":[{"count":37,"href":"https:\/\/mundocomun.org\/en\/wp-json\/wp\/v2\/pages\/1016\/revisions"}],"predecessor-version":[{"id":1075,"href":"https:\/\/mundocomun.org\/en\/wp-json\/wp\/v2\/pages\/1016\/revisions\/1075"}],"wp:attachment":[{"href":"https:\/\/mundocomun.org\/en\/wp-json\/wp\/v2\/media?parent=1016"}],"curies":[{"name":"wp","href":"https:\/\/api.w.org\/{rel}","templated":true}]}}